{"version":"1.0","provider_name":"jassmine","provider_url":"https:\/\/jassmine.com\/en\/","author_name":"Marta","author_url":"https:\/\/jassmine.com\/en\/author\/marta\/","title":"27\/08: Maciej Go\u0142y\u017aniak Trio - jassmine","type":"rich","width":600,"height":338,"html":"<blockquote class=\"wp-embedded-content\" data-secret=\"n6chAbbW7p\"><a href=\"https:\/\/jassmine.com\/en\/concert\/27-08-maciej-golyzniak-trio\/\">27\/08: Maciej Go\u0142y\u017aniak Trio<\/a><\/blockquote><iframe sandbox=\"allow-scripts\" security=\"restricted\" src=\"https:\/\/jassmine.com\/en\/concert\/27-08-maciej-golyzniak-trio\/embed\/#?secret=n6chAbbW7p\" width=\"600\" height=\"338\" title=\"&#8220;27\/08: Maciej Go\u0142y\u017aniak Trio&#8221; &#8212; jassmine\" data-secret=\"n6chAbbW7p\" frameborder=\"0\" marginwidth=\"0\" marginheight=\"0\" scrolling=\"no\" class=\"wp-embedded-content\"><\/iframe><script type=\"text\/javascript\">\n\/* <![CDATA[ *\/\n\/*! This file is auto-generated *\/\n!function(d,l){\"use strict\";l.querySelector&&d.addEventListener&&\"undefined\"!=typeof URL&&(d.wp=d.wp||{},d.wp.receiveEmbedMessage||(d.wp.receiveEmbedMessage=function(e){var t=e.data;if((t||t.secret||t.message||t.value)&&!\/[^a-zA-Z0-9]\/.test(t.secret)){for(var s,r,n,a=l.querySelectorAll('iframe[data-secret=\"'+t.secret+'\"]'),o=l.querySelectorAll('blockquote[data-secret=\"'+t.secret+'\"]'),c=new RegExp(\"^https?:$\",\"i\"),i=0;i<o.length;i++)o[i].style.display=\"none\";for(i=0;i<a.length;i++)s=a[i],e.source===s.contentWindow&&(s.removeAttribute(\"style\"),\"height\"===t.message?(1e3<(r=parseInt(t.value,10))?r=1e3:~~r<200&&(r=200),s.height=r):\"link\"===t.message&&(r=new URL(s.getAttribute(\"src\")),n=new URL(t.value),c.test(n.protocol))&&n.host===r.host&&l.activeElement===s&&(d.top.location.href=t.value))}},d.addEventListener(\"message\",d.wp.receiveEmbedMessage,!1),l.addEventListener(\"DOMContentLoaded\",function(){for(var e,t,s=l.querySelectorAll(\"iframe.wp-embedded-content\"),r=0;r<s.length;r++)(t=(e=s[r]).getAttribute(\"data-secret\"))||(t=Math.random().toString(36).substring(2,12),e.src+=\"#?secret=\"+t,e.setAttribute(\"data-secret\",t)),e.contentWindow.postMessage({message:\"ready\",secret:t},\"*\")},!1)))}(window,document);\n\/\/# sourceURL=https:\/\/jassmine.com\/wp-includes\/js\/wp-embed.min.js\n\/* ]]> *\/\n<\/script>\n","description":"Maciej Go\u0142y\u017aniak do realizacji swojego autorskiego projektu w trio zaprosi\u0142 znakomitych instrumentalist\u00f3w: Roberta Szyd\u0142o (bas), \u0141ukasza Damrycha (piano) oraz go\u015bcinnie \u0141ukasza Korybalskiego (flugelhorn). &#8220;Ostatni album \u201eThe Orchid\u201d to nowy tytu\u0142 w serii Polish Jazz! Poruszaj\u0105cy si\u0119 dot\u0105d muzycznie w przebojowym popie, alternatywie i progresywnym rocku Maciej Go\u0142y\u017aniak tym razem przemawia do nas j\u0119zykiem, kt\u00f3ry zawsze [&hellip;]"}