{"id":1087,"date":"2022-03-04T14:55:58","date_gmt":"2022-03-04T13:55:58","guid":{"rendered":"https:\/\/jassmine.com\/?post_type=events&amp;p=1087"},"modified":"2022-03-04T14:55:58","modified_gmt":"2022-03-04T13:55:58","slug":"29-03-piano-day-latarnik-marianna-koncert-premierowy","status":"publish","type":"concert","link":"https:\/\/jassmine.com\/en\/concert\/29-03-piano-day-latarnik-marianna-koncert-premierowy\/","title":{"rendered":"29\/03: Piano Day: Latarnik \u201eMarianna\u201d \u2013 koncert premierowy"},"content":{"rendered":"\n<p>Piano Day to mi\u0119dzynarodowe \u015bwi\u0119to fortepianu, kt\u00f3re w 2015 roku zainicjowa\u0142 kompozytor i muzyk Nils Frahm. Naszym wk\u0142adem w celebracj\u0119 Piano Day b\u0119dzie wydarzenie z okazji premiery najnowszego wydawnictwa Latarnika \u201eMarianna\u201d (wyd. Astigmatic Records).<\/p>\n\n\n\n<p>Marek P\u0119dziwiatr jest obecny na scenie ju\u017c ponad dekad\u0119. Popularno\u015b\u0107 przynios\u0142y mu takie projekty jak EABS i B\u0142oto. Jednak nigdy nie eksponowa\u0142 swojego nazwiska przez pryzmat tych zespo\u0142\u00f3w, stawiaj\u0105c na prac\u0119 kolektywn\u0105. Teraz przyszed\u0142 czas na debiutancki album pt. <em>Marianna<\/em>, na kt\u00f3rym wyst\u0119puje zupe\u0142nie sam jako Latarnik w formule piano solo.<\/p>\n\n\n\n<p>Latarnik &#8211; wielokrotnie nagradzany w ankietach magazynu Jazz Forum jako najwi\u0119kszy specjalista od syntezator\u00f3w w Polsce, postanowi\u0142 pokaza\u0107 si\u0119 s\u0142uchaczom od zupe\u0142nie innej strony. Inspirowany brzmieniem solowych nagra\u0144 Theloniousa Monka, Ahmada Jamala, McCoy Tynera czy Emahoy Tsegu\u00e9-Maryam Gu\u00e8brou, zrezygnowa\u0142 z elektroniki by w intymny spos\u00f3b, za po\u015brednictwem wys\u0142u\u017conego, ponad stuletniego fortepianu Steinway &amp; Sons i ta\u015bmy analogowej nagra\u0107 debiutancki album po\u015bwi\u0119cony swojej prababci. Zapraszamy do Jassmine na koncert premierowy i zach\u0119camy do zakupu tego pi\u0119knego wydawnictwa! <a href=\"https:\/\/latarnik777.bandcamp.com\/album\/marianna\">https:\/\/latarnik777.bandcamp.com\/album\/marianna<\/a><\/p>\n\n\n\n<p>Sk\u0142ad:<br>Marek P\u0119dziwiatr \u2013 piano solo<\/p>\n\n\n\n<p>Drzwi \u2013 19:00<br>Start \u2013 20:30<\/p>\n\n\n\n<p>Do zobaczenia w Jassmine!<\/p>\n","protected":false},"template":"","meta":{"_acf_changed":false,"inline_featured_image":false},"class_list":["post-1087","concert","type-concert","status-publish","hentry"],"acf":[],"yoast_head":"<!-- This site is optimized with the Yoast SEO plugin v26.4 - https:\/\/yoast.com\/wordpress\/plugins\/seo\/ -->\n<title>29\/03: Piano Day: Latarnik \u201eMarianna\u201d \u2013 koncert premierowy - jassmine<\/title>\n<meta name=\"robots\" content=\"index, follow, max-snippet:-1, max-image-preview:large, max-video-preview:-1\" \/>\n<link rel=\"canonical\" href=\"https:\/\/jassmine.com\/en\/concert\/29-03-piano-day-latarnik-marianna-koncert-premierowy\/\" \/>\n<meta property=\"og:locale\" content=\"en_US\" \/>\n<meta property=\"og:type\" content=\"article\" \/>\n<meta property=\"og:title\" content=\"29\/03: Piano Day: Latarnik \u201eMarianna\u201d \u2013 koncert premierowy - jassmine\" \/>\n<meta property=\"og:description\" content=\"Piano Day to mi\u0119dzynarodowe \u015bwi\u0119to fortepianu, kt\u00f3re w 2015 roku zainicjowa\u0142 kompozytor i muzyk Nils Frahm. Naszym wk\u0142adem w celebracj\u0119 Piano Day b\u0119dzie wydarzenie z okazji premiery najnowszego wydawnictwa Latarnika \u201eMarianna\u201d (wyd. Astigmatic Records). Marek P\u0119dziwiatr jest obecny na scenie ju\u017c ponad dekad\u0119. Popularno\u015b\u0107 przynios\u0142y mu takie projekty jak EABS i B\u0142oto. Jednak nigdy nie [&hellip;]\" \/>\n<meta property=\"og:url\" content=\"https:\/\/jassmine.com\/en\/concert\/29-03-piano-day-latarnik-marianna-koncert-premierowy\/\" \/>\n<meta property=\"og:site_name\" content=\"jassmine\" \/>\n<meta name=\"twitter:card\" content=\"summary_large_image\" \/>\n<meta name=\"twitter:label1\" content=\"Est. reading time\" \/>\n\t<meta name=\"twitter:data1\" content=\"1 minute\" \/>\n<script type=\"application\/ld+json\" class=\"yoast-schema-graph\">{\"@context\":\"https:\/\/schema.org\",\"@graph\":[{\"@type\":\"WebPage\",\"@id\":\"https:\/\/jassmine.com\/en\/concert\/29-03-piano-day-latarnik-marianna-koncert-premierowy\/\",\"url\":\"https:\/\/jassmine.com\/en\/concert\/29-03-piano-day-latarnik-marianna-koncert-premierowy\/\",\"name\":\"29\/03: Piano Day: Latarnik \u201eMarianna\u201d \u2013 koncert premierowy - jassmine\",\"isPartOf\":{\"@id\":\"https:\/\/jassmine.com\/en\/#website\"},\"datePublished\":\"2022-03-04T13:55:58+00:00\",\"breadcrumb\":{\"@id\":\"https:\/\/jassmine.com\/en\/concert\/29-03-piano-day-latarnik-marianna-koncert-premierowy\/#breadcrumb\"},\"inLanguage\":\"en-US\",\"potentialAction\":[{\"@type\":\"ReadAction\",\"target\":[\"https:\/\/jassmine.com\/en\/concert\/29-03-piano-day-latarnik-marianna-koncert-premierowy\/\"]}]},{\"@type\":\"BreadcrumbList\",\"@id\":\"https:\/\/jassmine.com\/en\/concert\/29-03-piano-day-latarnik-marianna-koncert-premierowy\/#breadcrumb\",\"itemListElement\":[{\"@type\":\"ListItem\",\"position\":1,\"name\":\"Home\",\"item\":\"https:\/\/jassmine.com\/en\/\"},{\"@type\":\"ListItem\",\"position\":2,\"name\":\"29\/03: Piano Day: Latarnik \u201eMarianna\u201d \u2013 koncert premierowy\"}]},{\"@type\":\"WebSite\",\"@id\":\"https:\/\/jassmine.com\/en\/#website\",\"url\":\"https:\/\/jassmine.com\/en\/\",\"name\":\"jassmine\",\"description\":\"\",\"potentialAction\":[{\"@type\":\"SearchAction\",\"target\":{\"@type\":\"EntryPoint\",\"urlTemplate\":\"https:\/\/jassmine.com\/en\/?s={search_term_string}\"},\"query-input\":{\"@type\":\"PropertyValueSpecification\",\"valueRequired\":true,\"valueName\":\"search_term_string\"}}],\"inLanguage\":\"en-US\"}]}<\/script>\n<!-- \/ Yoast SEO plugin. -->","yoast_head_json":{"title":"29\/03: Piano Day: Latarnik \u201eMarianna\u201d \u2013 koncert premierowy - jassmine","robots":{"index":"index","follow":"follow","max-snippet":"max-snippet:-1","max-image-preview":"max-image-preview:large","max-video-preview":"max-video-preview:-1"},"canonical":"https:\/\/jassmine.com\/en\/concert\/29-03-piano-day-latarnik-marianna-koncert-premierowy\/","og_locale":"en_US","og_type":"article","og_title":"29\/03: Piano Day: Latarnik \u201eMarianna\u201d \u2013 koncert premierowy - jassmine","og_description":"Piano Day to mi\u0119dzynarodowe \u015bwi\u0119to fortepianu, kt\u00f3re w 2015 roku zainicjowa\u0142 kompozytor i muzyk Nils Frahm. Naszym wk\u0142adem w celebracj\u0119 Piano Day b\u0119dzie wydarzenie z okazji premiery najnowszego wydawnictwa Latarnika \u201eMarianna\u201d (wyd. Astigmatic Records). Marek P\u0119dziwiatr jest obecny na scenie ju\u017c ponad dekad\u0119. Popularno\u015b\u0107 przynios\u0142y mu takie projekty jak EABS i B\u0142oto. Jednak nigdy nie [&hellip;]","og_url":"https:\/\/jassmine.com\/en\/concert\/29-03-piano-day-latarnik-marianna-koncert-premierowy\/","og_site_name":"jassmine","twitter_card":"summary_large_image","twitter_misc":{"Est. reading time":"1 minute"},"schema":{"@context":"https:\/\/schema.org","@graph":[{"@type":"WebPage","@id":"https:\/\/jassmine.com\/en\/concert\/29-03-piano-day-latarnik-marianna-koncert-premierowy\/","url":"https:\/\/jassmine.com\/en\/concert\/29-03-piano-day-latarnik-marianna-koncert-premierowy\/","name":"29\/03: Piano Day: Latarnik \u201eMarianna\u201d \u2013 koncert premierowy - jassmine","isPartOf":{"@id":"https:\/\/jassmine.com\/en\/#website"},"datePublished":"2022-03-04T13:55:58+00:00","breadcrumb":{"@id":"https:\/\/jassmine.com\/en\/concert\/29-03-piano-day-latarnik-marianna-koncert-premierowy\/#breadcrumb"},"inLanguage":"en-US","potentialAction":[{"@type":"ReadAction","target":["https:\/\/jassmine.com\/en\/concert\/29-03-piano-day-latarnik-marianna-koncert-premierowy\/"]}]},{"@type":"BreadcrumbList","@id":"https:\/\/jassmine.com\/en\/concert\/29-03-piano-day-latarnik-marianna-koncert-premierowy\/#breadcrumb","itemListElement":[{"@type":"ListItem","position":1,"name":"Home","item":"https:\/\/jassmine.com\/en\/"},{"@type":"ListItem","position":2,"name":"29\/03: Piano Day: Latarnik \u201eMarianna\u201d \u2013 koncert premierowy"}]},{"@type":"WebSite","@id":"https:\/\/jassmine.com\/en\/#website","url":"https:\/\/jassmine.com\/en\/","name":"jassmine","description":"","potentialAction":[{"@type":"SearchAction","target":{"@type":"EntryPoint","urlTemplate":"https:\/\/jassmine.com\/en\/?s={search_term_string}"},"query-input":{"@type":"PropertyValueSpecification","valueRequired":true,"valueName":"search_term_string"}}],"inLanguage":"en-US"}]}},"_links":{"self":[{"href":"https:\/\/jassmine.com\/en\/wp-json\/wp\/v2\/concert\/1087","targetHints":{"allow":["GET"]}}],"collection":[{"href":"https:\/\/jassmine.com\/en\/wp-json\/wp\/v2\/concert"}],"about":[{"href":"https:\/\/jassmine.com\/en\/wp-json\/wp\/v2\/types\/concert"}],"wp:attachment":[{"href":"https:\/\/jassmine.com\/en\/wp-json\/wp\/v2\/media?parent=1087"}],"curies":[{"name":"wp","href":"https:\/\/api.w.org\/{rel}","templated":true}]}}