{"id":11087,"date":"2026-08-28T12:05:05","date_gmt":"2026-08-28T12:05:05","guid":{"rendered":"https:\/\/jassmine.com\/concert\/marcel-balinski-orchestra\/"},"modified":"2026-08-28T16:29:23","modified_gmt":"2026-08-28T16:29:23","slug":"marcel-balinski-orchestra","status":"publish","type":"concert","link":"https:\/\/jassmine.com\/en\/concert\/marcel-balinski-orchestra\/","title":{"rendered":"Marcel Bali\u0144ski Orchestra"},"content":{"rendered":"\n<div id=\"heading-text-block_6a917971eea13\" class=\"heading-text\">\n\n  <div>\n        <h2 class=\"heading-text__heading font-serif fs-24 lh-1-28 fs-dt-40 lh-1-2\">Co \u0142\u0105czy Great September, Jassmine i Marcela Bali\u0144skiego? Orkiestra! Gdy projekt powstawa\u0142 w 2025 r. na specjalne zam\u00f3wienie, wsp\u00f3\u0142pracuj\u0105cych ze sob\u0105 po raz kolejny, festiwalu i klubu, nikt nie my\u015bla\u0142 o przysz\u0142o\u015bci tej raczkuj\u0105cej inicjatywy. Ale ogromny potencja\u0142, kt\u00f3ry drzema\u0142 w dopiero co stworzonym materiale, szybko ur\u00f3s\u0142 do projektu, kt\u00f3ry szkoda by\u0142o zagra\u0107 tylko raz.  Zosta\u0142 rozwini\u0119ty do pe\u0142noprawnego wydawnictwa z okazji 95-lecia Radia \u0141\u00f3d\u017a. Jego premiera w listopadzie, a materia\u0142 z albumu \u201c95\u201d b\u0119dzie mo\u017cna us\u0142ysze\u0107 w Jassmine 26.11.2026.<\/h2>\n      <\/div>\n\n  <div>\n        <div class=\"heading-text__content fs-20 ls-0-4 lh-1-4\">\n      <p><span style=\"font-weight: 400;\">Marcel Bali\u0144ski nie komponowa\u0142 tym razem dla istniej\u0105cego zespo\u0142u. Najpierw wyobrazi\u0142 sobie brzmienie, a nast\u0119pnie stworzy\u0142 orkiestr\u0119 zdoln\u0105 je wydoby\u0107.<\/span><\/p>\n<p><span style=\"font-weight: 400;\">Tak powsta\u0142a Marcel Bali\u0144ski Orchestra. Zesp\u00f3\u0142 tworzy dziesi\u0119ciu muzyk\u00f3w. O jego brzmieniu decyduj\u0105 trzy zestawy perkusyjne, tuba, kontrabas i saksofon barytonowy, buduj\u0105ce jego niskie rejestry oraz fortepian, wibrafon, tr\u0105bka i saksofon altowy.<\/span><\/p>\n<p><span style=\"font-weight: 400;\">Muzyka Marcela Bali\u0144skiego czerpie z minimalizmu repetytywnego, wsp\u00f3\u0142czesnego jazzu, tradycji Polish Jazzu i muzyki filmowej. Powracaj\u0105ce motywy rozwijaj\u0105 si\u0119 stopniowo, a kolejne warstwy instrument\u00f3w zmieniaj\u0105 ich znaczenie i prowadz\u0105 s\u0142uchacza przez kolejne etapy muzycznej opowie\u015bci.<\/span><\/p>\n<p><span style=\"font-weight: 400;\">Projekt powsta\u0142 z okazji 95-lecia Radia \u0141\u00f3d\u017a jako nawi\u0105zanie do tradycji radiowych orkiestr, kt\u00f3re przez dziesi\u0119ciolecia wsp\u00f3\u0142tworzy\u0142y muzyczn\u0105 histori\u0119 polskich rozg\u0142o\u015bni. Marcel Bali\u0144ski Orchestra nie odwo\u0142uje si\u0119 jednak do przesz\u0142o\u015bci w spos\u00f3b nostalgiczny. Podejmuje t\u0119 ide\u0119 na nowo i rozwija we wsp\u00f3\u0142czesnym j\u0119zyku kompozytorskim, pokazuj\u0105c, \u017ce prawdziwie \u017cywa tradycja rodzi now\u0105 muzyk\u0119.<\/span><\/p>\n<p><span style=\"font-weight: 400;\">Bali\u0144ski jest jednym z najbardziej wszechstronnych muzyk\u00f3w jazzowych m\u0142odego pokolenia. Jest nie tylko pianist\u0105 i kompozytorem, ale te\u017c animatorem, terapeut\u0105, producentem, liderem i pedagogiem. Jego \u201cWsp\u00f3\u0142g\u0142osy\u201d wy\u015bpiewa\u0142y Fryderyka za album roku i zagra\u0142y na najwa\u017cniejszych scenach w kraju. Po intensywnym roku promocji p\u0142yty i koncertowania zosta\u0142 wyr\u00f3\u017cniony nominacj\u0105 do Paszport\u00f3w Polityki 2025. W 2026 pojawi\u0105 si\u0119 dwa albumy jego autorstwa: Wsp\u00f3\u0142g\u0142osy \u201cII\u201d i Marcel Bali\u0144ski Orchestra.\u00a0<\/span><\/p>\n    <\/div>\n      <\/div>\n\n<\/div>\n\n<div id=\"asset-block_6a917971f06c7\" class=\"asset-block\">\n\n  \n<figure\n  class=\"asset asset-block__asset\"\n  data-asset\n    >\n\n  <img decoding=\"async\" width=\"2560\" height=\"1707\" src=\"https:\/\/jassmine.com\/wp-content\/uploads\/2026\/08\/MB84-fot.-Wojtek-Bryndel-scaled.jpg\" class=\"asset__image dt-only\" alt=\"\" loading=\"lazy\" srcset=\"https:\/\/jassmine.com\/wp-content\/uploads\/2026\/08\/MB84-fot.-Wojtek-Bryndel-scaled.jpg 2560w, https:\/\/jassmine.com\/wp-content\/uploads\/2026\/08\/MB84-fot.-Wojtek-Bryndel-960x640.jpg 960w, https:\/\/jassmine.com\/wp-content\/uploads\/2026\/08\/MB84-fot.-Wojtek-Bryndel-1280x853.jpg 1280w, https:\/\/jassmine.com\/wp-content\/uploads\/2026\/08\/MB84-fot.-Wojtek-Bryndel-540x360.jpg 540w, https:\/\/jassmine.com\/wp-content\/uploads\/2026\/08\/MB84-fot.-Wojtek-Bryndel-768x512.jpg 768w, https:\/\/jassmine.com\/wp-content\/uploads\/2026\/08\/MB84-fot.-Wojtek-Bryndel-1536x1024.jpg 1536w, https:\/\/jassmine.com\/wp-content\/uploads\/2026\/08\/MB84-fot.-Wojtek-Bryndel-2048x1365.jpg 2048w\" sizes=\"auto, (max-width: 2560px) 100vw, 2560px\" \/><img decoding=\"async\" width=\"2560\" height=\"1707\" src=\"https:\/\/jassmine.com\/wp-content\/uploads\/2026\/08\/MB84-fot.-Wojtek-Bryndel-scaled.jpg\" class=\"asset__image asset__image--mob mob-only\" alt=\"\" loading=\"lazy\" srcset=\"https:\/\/jassmine.com\/wp-content\/uploads\/2026\/08\/MB84-fot.-Wojtek-Bryndel-scaled.jpg 2560w, https:\/\/jassmine.com\/wp-content\/uploads\/2026\/08\/MB84-fot.-Wojtek-Bryndel-960x640.jpg 960w, https:\/\/jassmine.com\/wp-content\/uploads\/2026\/08\/MB84-fot.-Wojtek-Bryndel-1280x853.jpg 1280w, https:\/\/jassmine.com\/wp-content\/uploads\/2026\/08\/MB84-fot.-Wojtek-Bryndel-540x360.jpg 540w, https:\/\/jassmine.com\/wp-content\/uploads\/2026\/08\/MB84-fot.-Wojtek-Bryndel-768x512.jpg 768w, https:\/\/jassmine.com\/wp-content\/uploads\/2026\/08\/MB84-fot.-Wojtek-Bryndel-1536x1024.jpg 1536w, https:\/\/jassmine.com\/wp-content\/uploads\/2026\/08\/MB84-fot.-Wojtek-Bryndel-2048x1365.jpg 2048w\" sizes=\"auto, (max-width: 2560px) 100vw, 2560px\" \/>\n<\/figure>\n\n<\/div>\n\n<section id=\"band-block_6a917971f27a4\" class=\"band font-sans-title fs-20 lh-1-4 ls-0-4 fs-dt-32 lh-dt-1-04 ls-dt-0\">\n\n  <div class=\"band__column band__column--title\">\n      <p class=\"band__title\">The band<\/p>\n    <\/div>\n\n  <div class=\"band__column band__column--band\">\n  \n    <ul class=\"unstyled-list band__list\">\n      \n      <li class=\"band__item\">\n\n        <span class=\"band__name\">Macio Moretti <\/span>\n                <span class=\"band__description fs-12 lh-1-12 fs-dt-20 lh-dt-1-4 ls-dt-0-4\">perkusja<\/span>\n        \n      <\/li>\n\n      \n      <li class=\"band__item\">\n\n        <span class=\"band__name\">Bartosz Szablowski <\/span>\n                <span class=\"band__description fs-12 lh-1-12 fs-dt-20 lh-dt-1-4 ls-dt-0-4\">perkusja<\/span>\n        \n      <\/li>\n\n      \n      <li class=\"band__item\">\n\n        <span class=\"band__name\">Jan Pieni\u0105\u017cek<\/span>\n                <span class=\"band__description fs-12 lh-1-12 fs-dt-20 lh-dt-1-4 ls-dt-0-4\">perkusja<\/span>\n        \n      <\/li>\n\n      \n      <li class=\"band__item\">\n\n        <span class=\"band__name\">Rafa\u0142 R\u00f3\u017calski <\/span>\n                <span class=\"band__description fs-12 lh-1-12 fs-dt-20 lh-dt-1-4 ls-dt-0-4\">kontrabas<\/span>\n        \n      <\/li>\n\n      \n      <li class=\"band__item\">\n\n        <span class=\"band__name\">Rasmus Svale Kj\u00e6rg\u00e5rd Lund<\/span>\n                <span class=\"band__description fs-12 lh-1-12 fs-dt-20 lh-dt-1-4 ls-dt-0-4\">tuba<\/span>\n        \n      <\/li>\n\n      \n      <li class=\"band__item\">\n\n        <span class=\"band__name\">Piotr Ch\u0119cki<\/span>\n                <span class=\"band__description fs-12 lh-1-12 fs-dt-20 lh-dt-1-4 ls-dt-0-4\">saksofon barytonowy<\/span>\n        \n      <\/li>\n\n      \n      <li class=\"band__item\">\n\n        <span class=\"band__name\">Mi\u0142osz Pieczonka <\/span>\n                <span class=\"band__description fs-12 lh-1-12 fs-dt-20 lh-dt-1-4 ls-dt-0-4\">saksofon altowy<\/span>\n        \n      <\/li>\n\n      \n      <li class=\"band__item\">\n\n        <span class=\"band__name\">Ignacy Wendt <\/span>\n                <span class=\"band__description fs-12 lh-1-12 fs-dt-20 lh-dt-1-4 ls-dt-0-4\">tr\u0105bka<\/span>\n        \n      <\/li>\n\n      \n      <li class=\"band__item\">\n\n        <span class=\"band__name\">Tymon Kosma<\/span>\n                <span class=\"band__description fs-12 lh-1-12 fs-dt-20 lh-dt-1-4 ls-dt-0-4\">wibrafon<\/span>\n        \n      <\/li>\n\n      \n      <li class=\"band__item\">\n\n        <span class=\"band__name\">Marcel Bali\u0144ski<\/span>\n                <span class=\"band__description fs-12 lh-1-12 fs-dt-20 lh-dt-1-4 ls-dt-0-4\">fortepian, kompozycje<\/span>\n        \n      <\/li>\n\n      \n    <\/ul>\n\n    <\/div>\n\n<\/section>\n\n<figure class=\"wp-block-embed is-type-video is-provider-youtube wp-block-embed-youtube wp-embed-aspect-16-9 wp-has-aspect-ratio\"><div class=\"wp-block-embed__wrapper\">\r\n<iframe loading=\"lazy\" title=\"Marcel Bali\u0144ski Trio - &quot;Opalenizna i Wiatr&quot; live\" width=\"500\" height=\"281\" src=\"https:\/\/www.youtube.com\/embed\/MzGV_L815W8?feature=oembed\" frameborder=\"0\" allow=\"accelerometer; autoplay; clipboard-write; encrypted-media; gyroscope; picture-in-picture; web-share\" referrerpolicy=\"strict-origin-when-cross-origin\" allowfullscreen><\/iframe>\r\n<\/div><\/figure><br>\n\n<section id=\"apple-embed-block_6a917971f2dd1\" class=\"apple-embed\">\n  <iframe data-testid=\"embed-iframe\" style=\"border-radius:12px\" src=\"https:\/\/open.spotify.com\/embed\/album\/4SaFER9pNaleX46ZukkmgA?utm_source=generator&#038;si=c2cd32b1be46403b\" width=\"100%\" height=\"352\" frameBorder=\"0\" allowfullscreen=\"\" allow=\"autoplay; clipboard-write; encrypted-media; fullscreen; picture-in-picture\" loading=\"lazy\"><\/iframe><\/section>\n\n<section id=\"concert-info-block_6a917971f38ba\" class=\"concert-info\">\n\n  <div class=\"concert-info__column concert-info__column--info fs-20 lh-1-4 ls-0-4 fs-dt-32 lh-dt-1-04 ls-dt-0\">\n      <p class=\"concert-info__info\">Door 19:00<br \/>\r\nStart 20:30<\/p>\n    <\/div>\n\n  <div class=\"concert-info__column concert-info__column--additional fs-20 lh-1-4 ls-0-4\">\n      <p class=\"concert-info__additional\">We do not take table reservations. <br \/>\r\nWe encourage you to arrive early and find a seat.<\/p>\n    <\/div>\n\n<\/section>\n","protected":false},"template":"","meta":{"_acf_changed":false,"inline_featured_image":false},"class_list":["post-11087","concert","type-concert","status-publish","hentry"],"acf":[],"yoast_head":"<!-- This site is optimized with the Yoast SEO plugin v28.3 - https:\/\/yoast.com\/product\/yoast-seo-wordpress\/ -->\n<title>Marcel Bali\u0144ski Orchestra - jassmine<\/title>\n<meta name=\"robots\" content=\"index, follow, max-snippet:-1, max-image-preview:large, max-video-preview:-1\" \/>\n<link rel=\"canonical\" href=\"https:\/\/jassmine.com\/en\/concert\/marcel-balinski-orchestra\/\" \/>\n<meta property=\"og:locale\" content=\"en_US\" \/>\n<meta property=\"og:type\" content=\"article\" \/>\n<meta property=\"og:title\" content=\"Marcel Bali\u0144ski Orchestra - jassmine\" \/>\n<meta property=\"og:url\" content=\"https:\/\/jassmine.com\/en\/concert\/marcel-balinski-orchestra\/\" \/>\n<meta property=\"og:site_name\" content=\"jassmine\" \/>\n<meta property=\"article:modified_time\" content=\"2026-08-28T16:29:23+00:00\" \/>\n<meta name=\"twitter:card\" content=\"summary_large_image\" \/>\n<script type=\"application\/ld+json\" class=\"yoast-schema-graph\">{\"@context\":\"https:\\\/\\\/schema.org\",\"@graph\":[{\"@type\":\"WebPage\",\"@id\":\"https:\\\/\\\/jassmine.com\\\/en\\\/concert\\\/marcel-balinski-orchestra\\\/\",\"url\":\"https:\\\/\\\/jassmine.com\\\/en\\\/concert\\\/marcel-balinski-orchestra\\\/\",\"name\":\"Marcel Bali\u0144ski Orchestra - jassmine\",\"isPartOf\":{\"@id\":\"https:\\\/\\\/jassmine.com\\\/en\\\/#website\"},\"datePublished\":\"2026-08-28T12:05:05+00:00\",\"dateModified\":\"2026-08-28T16:29:23+00:00\",\"breadcrumb\":{\"@id\":\"https:\\\/\\\/jassmine.com\\\/en\\\/concert\\\/marcel-balinski-orchestra\\\/#breadcrumb\"},\"inLanguage\":\"en-US\",\"potentialAction\":[{\"@type\":\"ReadAction\",\"target\":[\"https:\\\/\\\/jassmine.com\\\/en\\\/concert\\\/marcel-balinski-orchestra\\\/\"]}]},{\"@type\":\"BreadcrumbList\",\"@id\":\"https:\\\/\\\/jassmine.com\\\/en\\\/concert\\\/marcel-balinski-orchestra\\\/#breadcrumb\",\"itemListElement\":[{\"@type\":\"ListItem\",\"position\":1,\"name\":\"Home\",\"item\":\"https:\\\/\\\/jassmine.com\\\/en\\\/\"},{\"@type\":\"ListItem\",\"position\":2,\"name\":\"Marcel Bali\u0144ski Orchestra\"}]},{\"@type\":\"WebSite\",\"@id\":\"https:\\\/\\\/jassmine.com\\\/en\\\/#website\",\"url\":\"https:\\\/\\\/jassmine.com\\\/en\\\/\",\"name\":\"jassmine\",\"description\":\"\",\"potentialAction\":[{\"@type\":\"SearchAction\",\"target\":{\"@type\":\"EntryPoint\",\"urlTemplate\":\"https:\\\/\\\/jassmine.com\\\/en\\\/?s={search_term_string}\"},\"query-input\":{\"@type\":\"PropertyValueSpecification\",\"valueRequired\":true,\"valueName\":\"search_term_string\"}}],\"inLanguage\":\"en-US\"}]}<\/script>\n<!-- \/ Yoast SEO plugin. -->","yoast_head_json":{"title":"Marcel Bali\u0144ski Orchestra - jassmine","robots":{"index":"index","follow":"follow","max-snippet":"max-snippet:-1","max-image-preview":"max-image-preview:large","max-video-preview":"max-video-preview:-1"},"canonical":"https:\/\/jassmine.com\/en\/concert\/marcel-balinski-orchestra\/","og_locale":"en_US","og_type":"article","og_title":"Marcel Bali\u0144ski Orchestra - jassmine","og_url":"https:\/\/jassmine.com\/en\/concert\/marcel-balinski-orchestra\/","og_site_name":"jassmine","article_modified_time":"2026-08-28T16:29:23+00:00","twitter_card":"summary_large_image","schema":{"@context":"https:\/\/schema.org","@graph":[{"@type":"WebPage","@id":"https:\/\/jassmine.com\/en\/concert\/marcel-balinski-orchestra\/","url":"https:\/\/jassmine.com\/en\/concert\/marcel-balinski-orchestra\/","name":"Marcel Bali\u0144ski Orchestra - jassmine","isPartOf":{"@id":"https:\/\/jassmine.com\/en\/#website"},"datePublished":"2026-08-28T12:05:05+00:00","dateModified":"2026-08-28T16:29:23+00:00","breadcrumb":{"@id":"https:\/\/jassmine.com\/en\/concert\/marcel-balinski-orchestra\/#breadcrumb"},"inLanguage":"en-US","potentialAction":[{"@type":"ReadAction","target":["https:\/\/jassmine.com\/en\/concert\/marcel-balinski-orchestra\/"]}]},{"@type":"BreadcrumbList","@id":"https:\/\/jassmine.com\/en\/concert\/marcel-balinski-orchestra\/#breadcrumb","itemListElement":[{"@type":"ListItem","position":1,"name":"Home","item":"https:\/\/jassmine.com\/en\/"},{"@type":"ListItem","position":2,"name":"Marcel Bali\u0144ski Orchestra"}]},{"@type":"WebSite","@id":"https:\/\/jassmine.com\/en\/#website","url":"https:\/\/jassmine.com\/en\/","name":"jassmine","description":"","potentialAction":[{"@type":"SearchAction","target":{"@type":"EntryPoint","urlTemplate":"https:\/\/jassmine.com\/en\/?s={search_term_string}"},"query-input":{"@type":"PropertyValueSpecification","valueRequired":true,"valueName":"search_term_string"}}],"inLanguage":"en-US"}]}},"_links":{"self":[{"href":"https:\/\/jassmine.com\/en\/wp-json\/wp\/v2\/concert\/11087","targetHints":{"allow":["GET"]}}],"collection":[{"href":"https:\/\/jassmine.com\/en\/wp-json\/wp\/v2\/concert"}],"about":[{"href":"https:\/\/jassmine.com\/en\/wp-json\/wp\/v2\/types\/concert"}],"wp:attachment":[{"href":"https:\/\/jassmine.com\/en\/wp-json\/wp\/v2\/media?parent=11087"}],"curies":[{"name":"wp","href":"https:\/\/api.w.org\/{rel}","templated":true}]}}