{"id":1116,"date":"2022-03-20T21:08:17","date_gmt":"2022-03-20T20:08:17","guid":{"rendered":"https:\/\/jassmine.com\/?post_type=events&amp;p=1116"},"modified":"2022-03-20T21:08:17","modified_gmt":"2022-03-20T20:08:17","slug":"24-04-adam-baldych-quintet-feat-paolo-fresu","status":"publish","type":"concert","link":"https:\/\/jassmine.com\/en\/concert\/24-04-adam-baldych-quintet-feat-paolo-fresu\/","title":{"rendered":"24\/04: Adam Ba\u0142dych Quintet feat. Paolo Fresu"},"content":{"rendered":"\n<p>Bilety g. 18:30:&nbsp;<a href=\"https:\/\/goingapp.pl\/wydarzenie\/adam-baldych-quartet-feat-paolo-fresu-i-tura\/kwiecien-2022?fbclid=IwAR3BgNIHDfmKgbgOIaUkkweI87DBQajD-VE7W2-msayiWue6LOaphu5GqWo\" rel=\"noreferrer noopener\" target=\"_blank\">https:\/\/goingapp.pl\/&#8230;\/adam-baldych&#8230;\/kwiecien-2022<\/a><br>Bilety g. 21:00:&nbsp;<a href=\"https:\/\/l.facebook.com\/l.php?u=https%3A%2F%2Fgoingapp.pl%2Fwydarzenie%2Fadam-baldych-quintet-feat-paolo-fresu-ii-tura%2Fkwiecien-2022%3Ffbclid%3DIwAR2Lx0aGmwDa08dZYRn44iD0IVR9r6MBnXsAhOg7PN4j4kxLBKIixtZ3hss&amp;h=AT3uwJElA6dIu0ysamU2T4D8DexaAgGjh2REUqbU-O6b1R0qwsgsCqTOj5hhwWdapjyJ5gQb83TLmG6KvTyJn6X1Tt4WOCnVJ0hLSDSeWjT2RqtjCrn58BIzNDe7lt-gT-YvxjtGPQ&amp;__tn__=q&amp;c[0]=AT1pTZ-QQBK03xHQc7EVX4RoUOYHytWPSf5CZsnfIhePci6eUnKCjrXOJQTAVrsavB9KkoSQJMHyP5d4Vhi-QlVLh6aHjP2lNMRM-6vASl5q3zfjfbrldaKc987aUeGoHifcB5Gnh2lqwF-HLQoAfrOR2BnHRCz2F95i6CxdJCNnN003\" rel=\"noreferrer noopener\" target=\"_blank\">https:\/\/goingapp.pl\/&#8230;\/adam-baldych&#8230;\/kwiecien-2022<\/a><br><br>Po \u015bwietnie przyj\u0119tym, ubieg\u0142orocznym koncercie Adam Ba\u0142dych Quintet w Jassmine, zesp\u00f3\u0142 powraca w ramach nowej trasy koncertowej z wyj\u0105tkowym go\u015bciem &#8211; Paolo Fresu!<br><br>\u201ePoetry\u201d to si\u00f3dma ju\u017c p\u0142yta wydana przez Adama Ba\u0142dycha w niemieckim wydawnictwie ACT, z kt\u00f3rym zwi\u0105zany jest od 10 lat. Presti\u017cowy brytyjski magazyn Jazzwise okre\u015bli\u0142 Adama Ba\u0142dycha \u201enajwi\u0119kszym wsp\u00f3\u0142czesnym skrzypkiem jazzowym\u201d.&nbsp; Sam m\u00f3wi\u0105c o sobie podkre\u015bla, \u017ce chce aby jego muzyka wpleciona by\u0142a w kontekst wsp\u00f3\u0142czesnego \u015bwiata, jego t\u0119sknoty i obawy, uwypuklaj\u0105c emocjonalno\u015b\u0107 i relacj\u0119 ze s\u0142uchaczami: \u201eChc\u0119 tworzy\u0107 wsp\u00f3lnot\u0119 z moim odbiorc\u0105 i dzieli\u0107 si\u0119 moim spojrzeniem na tu i teraz.\u201d<\/p>\n\n\n\n<p>Podczas prac nad nowymi kompozycjami Ba\u0142dych us\u0142ysza\u0142 od przyjaciela: \u201ejeste\u015b poet\u0105 skrzypiec\u201d. Okaza\u0142o si\u0119, \u017ce ta opinia mia\u0142a daleko id\u0105ce konsekwencje &#8211; nie tylko sta\u0142a si\u0119 punktem wyj\u015bcia dla procesu tw\u00f3rczego nowego albumu, lecz sk\u0142oni\u0142a artyst\u0119&nbsp;do refleksji na temat w\u0142asnej muzyki. \u201ePoetry\u201d \u2013 w polskim t\u0142umaczeniu \u201epoezja\u201d \u2013 to tytu\u0142 najnowszego albumu Adama Ba\u0142dycha, kt\u00f3ry tym samym udowadnia, \u017ce najwi\u0119ksz\u0105 si\u0142\u0105 muzyki jest pi\u0119kno ukryte w melodiach.<\/p>\n\n\n\n<p>Pos\u0142uchaj:<br>\u201cPoetry\u201d: https:\/\/youtu.be\/AJap8HP841s<br>\u201cI Remember\u201d:&nbsp;https:\/\/youtu.be\/7O3o3yVMnjw<br><br>Sk\u0142ad:<br>Adam Ba\u0142dych \u2013 skrzypce<br>Paolo Fresu \u2013 tr\u0105bka<br>Marek Konarski &#8211; saksofon<br>\u0141ukasz Ojdana \u2013 fortepian<br>Micha\u0142 Bara\u0144ski \u2013 kontrabas<br>Dawid Fortuna \u2013 perkusja<\/p>\n\n\n\n<p>I tura:<br>Drzwi 17:30<br>Koncert 18:30<\/p>\n\n\n\n<p>II tura:<br>Drzwi 20:00<br>Koncert 21:00<br><br>Do zobaczenia!<\/p>\n","protected":false},"template":"","meta":{"_acf_changed":false,"inline_featured_image":false},"class_list":["post-1116","concert","type-concert","status-publish","hentry"],"acf":[],"yoast_head":"<!-- This site is optimized with the Yoast SEO plugin v26.4 - https:\/\/yoast.com\/wordpress\/plugins\/seo\/ -->\n<title>24\/04: Adam Ba\u0142dych Quintet feat. Paolo Fresu - jassmine<\/title>\n<meta name=\"robots\" content=\"index, follow, max-snippet:-1, max-image-preview:large, max-video-preview:-1\" \/>\n<link rel=\"canonical\" href=\"https:\/\/jassmine.com\/en\/concert\/24-04-adam-baldych-quintet-feat-paolo-fresu\/\" \/>\n<meta property=\"og:locale\" content=\"en_US\" \/>\n<meta property=\"og:type\" content=\"article\" \/>\n<meta property=\"og:title\" content=\"24\/04: Adam Ba\u0142dych Quintet feat. Paolo Fresu - jassmine\" \/>\n<meta property=\"og:description\" content=\"Bilety g. 18:30:&nbsp;https:\/\/goingapp.pl\/&#8230;\/adam-baldych&#8230;\/kwiecien-2022Bilety g. 21:00:&nbsp;https:\/\/goingapp.pl\/&#8230;\/adam-baldych&#8230;\/kwiecien-2022 Po \u015bwietnie przyj\u0119tym, ubieg\u0142orocznym koncercie Adam Ba\u0142dych Quintet w Jassmine, zesp\u00f3\u0142 powraca w ramach nowej trasy koncertowej z wyj\u0105tkowym go\u015bciem &#8211; Paolo Fresu! \u201ePoetry\u201d to si\u00f3dma ju\u017c p\u0142yta wydana przez Adama Ba\u0142dycha w niemieckim wydawnictwie ACT, z kt\u00f3rym zwi\u0105zany jest od 10 lat. Presti\u017cowy brytyjski magazyn Jazzwise okre\u015bli\u0142 Adama Ba\u0142dycha [&hellip;]\" \/>\n<meta property=\"og:url\" content=\"https:\/\/jassmine.com\/en\/concert\/24-04-adam-baldych-quintet-feat-paolo-fresu\/\" \/>\n<meta property=\"og:site_name\" content=\"jassmine\" \/>\n<meta name=\"twitter:card\" content=\"summary_large_image\" \/>\n<meta name=\"twitter:label1\" content=\"Est. reading time\" \/>\n\t<meta name=\"twitter:data1\" content=\"1 minute\" \/>\n<script type=\"application\/ld+json\" class=\"yoast-schema-graph\">{\"@context\":\"https:\/\/schema.org\",\"@graph\":[{\"@type\":\"WebPage\",\"@id\":\"https:\/\/jassmine.com\/en\/concert\/24-04-adam-baldych-quintet-feat-paolo-fresu\/\",\"url\":\"https:\/\/jassmine.com\/en\/concert\/24-04-adam-baldych-quintet-feat-paolo-fresu\/\",\"name\":\"24\/04: Adam Ba\u0142dych Quintet feat. Paolo Fresu - jassmine\",\"isPartOf\":{\"@id\":\"https:\/\/jassmine.com\/en\/#website\"},\"datePublished\":\"2022-03-20T20:08:17+00:00\",\"breadcrumb\":{\"@id\":\"https:\/\/jassmine.com\/en\/concert\/24-04-adam-baldych-quintet-feat-paolo-fresu\/#breadcrumb\"},\"inLanguage\":\"en-US\",\"potentialAction\":[{\"@type\":\"ReadAction\",\"target\":[\"https:\/\/jassmine.com\/en\/concert\/24-04-adam-baldych-quintet-feat-paolo-fresu\/\"]}]},{\"@type\":\"BreadcrumbList\",\"@id\":\"https:\/\/jassmine.com\/en\/concert\/24-04-adam-baldych-quintet-feat-paolo-fresu\/#breadcrumb\",\"itemListElement\":[{\"@type\":\"ListItem\",\"position\":1,\"name\":\"Home\",\"item\":\"https:\/\/jassmine.com\/en\/\"},{\"@type\":\"ListItem\",\"position\":2,\"name\":\"24\/04: Adam Ba\u0142dych Quintet feat. Paolo Fresu\"}]},{\"@type\":\"WebSite\",\"@id\":\"https:\/\/jassmine.com\/en\/#website\",\"url\":\"https:\/\/jassmine.com\/en\/\",\"name\":\"jassmine\",\"description\":\"\",\"potentialAction\":[{\"@type\":\"SearchAction\",\"target\":{\"@type\":\"EntryPoint\",\"urlTemplate\":\"https:\/\/jassmine.com\/en\/?s={search_term_string}\"},\"query-input\":{\"@type\":\"PropertyValueSpecification\",\"valueRequired\":true,\"valueName\":\"search_term_string\"}}],\"inLanguage\":\"en-US\"}]}<\/script>\n<!-- \/ Yoast SEO plugin. -->","yoast_head_json":{"title":"24\/04: Adam Ba\u0142dych Quintet feat. Paolo Fresu - jassmine","robots":{"index":"index","follow":"follow","max-snippet":"max-snippet:-1","max-image-preview":"max-image-preview:large","max-video-preview":"max-video-preview:-1"},"canonical":"https:\/\/jassmine.com\/en\/concert\/24-04-adam-baldych-quintet-feat-paolo-fresu\/","og_locale":"en_US","og_type":"article","og_title":"24\/04: Adam Ba\u0142dych Quintet feat. Paolo Fresu - jassmine","og_description":"Bilety g. 18:30:&nbsp;https:\/\/goingapp.pl\/&#8230;\/adam-baldych&#8230;\/kwiecien-2022Bilety g. 21:00:&nbsp;https:\/\/goingapp.pl\/&#8230;\/adam-baldych&#8230;\/kwiecien-2022 Po \u015bwietnie przyj\u0119tym, ubieg\u0142orocznym koncercie Adam Ba\u0142dych Quintet w Jassmine, zesp\u00f3\u0142 powraca w ramach nowej trasy koncertowej z wyj\u0105tkowym go\u015bciem &#8211; Paolo Fresu! \u201ePoetry\u201d to si\u00f3dma ju\u017c p\u0142yta wydana przez Adama Ba\u0142dycha w niemieckim wydawnictwie ACT, z kt\u00f3rym zwi\u0105zany jest od 10 lat. Presti\u017cowy brytyjski magazyn Jazzwise okre\u015bli\u0142 Adama Ba\u0142dycha [&hellip;]","og_url":"https:\/\/jassmine.com\/en\/concert\/24-04-adam-baldych-quintet-feat-paolo-fresu\/","og_site_name":"jassmine","twitter_card":"summary_large_image","twitter_misc":{"Est. reading time":"1 minute"},"schema":{"@context":"https:\/\/schema.org","@graph":[{"@type":"WebPage","@id":"https:\/\/jassmine.com\/en\/concert\/24-04-adam-baldych-quintet-feat-paolo-fresu\/","url":"https:\/\/jassmine.com\/en\/concert\/24-04-adam-baldych-quintet-feat-paolo-fresu\/","name":"24\/04: Adam Ba\u0142dych Quintet feat. Paolo Fresu - jassmine","isPartOf":{"@id":"https:\/\/jassmine.com\/en\/#website"},"datePublished":"2022-03-20T20:08:17+00:00","breadcrumb":{"@id":"https:\/\/jassmine.com\/en\/concert\/24-04-adam-baldych-quintet-feat-paolo-fresu\/#breadcrumb"},"inLanguage":"en-US","potentialAction":[{"@type":"ReadAction","target":["https:\/\/jassmine.com\/en\/concert\/24-04-adam-baldych-quintet-feat-paolo-fresu\/"]}]},{"@type":"BreadcrumbList","@id":"https:\/\/jassmine.com\/en\/concert\/24-04-adam-baldych-quintet-feat-paolo-fresu\/#breadcrumb","itemListElement":[{"@type":"ListItem","position":1,"name":"Home","item":"https:\/\/jassmine.com\/en\/"},{"@type":"ListItem","position":2,"name":"24\/04: Adam Ba\u0142dych Quintet feat. Paolo Fresu"}]},{"@type":"WebSite","@id":"https:\/\/jassmine.com\/en\/#website","url":"https:\/\/jassmine.com\/en\/","name":"jassmine","description":"","potentialAction":[{"@type":"SearchAction","target":{"@type":"EntryPoint","urlTemplate":"https:\/\/jassmine.com\/en\/?s={search_term_string}"},"query-input":{"@type":"PropertyValueSpecification","valueRequired":true,"valueName":"search_term_string"}}],"inLanguage":"en-US"}]}},"_links":{"self":[{"href":"https:\/\/jassmine.com\/en\/wp-json\/wp\/v2\/concert\/1116","targetHints":{"allow":["GET"]}}],"collection":[{"href":"https:\/\/jassmine.com\/en\/wp-json\/wp\/v2\/concert"}],"about":[{"href":"https:\/\/jassmine.com\/en\/wp-json\/wp\/v2\/types\/concert"}],"wp:attachment":[{"href":"https:\/\/jassmine.com\/en\/wp-json\/wp\/v2\/media?parent=1116"}],"curies":[{"name":"wp","href":"https:\/\/api.w.org\/{rel}","templated":true}]}}