{"id":1126,"date":"2022-03-24T16:21:52","date_gmt":"2022-03-24T15:21:52","guid":{"rendered":"https:\/\/jassmine.com\/?post_type=events&amp;p=1126"},"modified":"2022-03-24T16:21:52","modified_gmt":"2022-03-24T15:21:52","slug":"09-04-masecki-ravitz","status":"publish","type":"concert","link":"https:\/\/jassmine.com\/en\/concert\/09-04-masecki-ravitz\/","title":{"rendered":"09\/04: Masecki &#038; Ravitz [SOLD OUT]"},"content":{"rendered":"\n<p>Jedyny taki duet na wyj\u0105tkowym koncercie w Jassmine \u2013 Masecki &amp; Ravitz!<\/p>\n\n\n\n<p><br>Z Zivem Ravitzem poznali\u015bmy si\u0119 przy okazji koncertu Dominica Millera. Od razu znale\u017ali\u015bmy wsp\u00f3lny j\u0119zyk i szukali\u015bmy kolejnych powod\u00f3w do scrossowania naszych dzia\u0142a\u0144 \u2013 byli\u015bmy (i nadal jeste\u015bmy) pod ogromnym wra\u017ceniem jego zdolno\u015bci perkusyjnych. Dzi\u0119ki d\u0142ugoletniej znajomo\u015bci Marcin Maseckiego i Ziva, kt\u00f3rzy poznali si\u0119 na studiach w Berklee College of Music, dzi\u015b mo\u017cemy zaprosi\u0107 Was na wyj\u0105tkowy koncert tego duetu.<\/p>\n\n\n\n<p>Ich wsp\u00f3lna dzia\u0142alno\u015b\u0107 znana jest g\u0142\u00f3wnie z trio z Garthem Stevensonem. Jako TAQ zagrali kilka tras koncertowych w Polsce. W 2006 roku nagrali i wydali jedyn\u0105 p\u0142yt\u0119 \u201cLive in Mi\u0144sk Mazowiecki\u201d. Po latach roz\u0142\u0105ki Marcin i Ziv znowu spotkaj\u0105 si\u0119 na scenie. Nie mo\u017cemy si\u0119 doczeka\u0107!<\/p>\n\n\n\n<p>Sk\u0142ad:<\/p>\n\n\n\n<p>Marcin Masecki &#8211; Keys<br>Ziv Ravitz &#8211; Drums<\/p>\n\n\n\n<p><br>Drzwi 19:00<br>Koncert 20:30<br><br>Do zobaczenia!<\/p>\n","protected":false},"template":"","meta":{"_acf_changed":false,"inline_featured_image":false},"class_list":["post-1126","concert","type-concert","status-publish","hentry"],"acf":[],"yoast_head":"<!-- This site is optimized with the Yoast SEO plugin v26.4 - https:\/\/yoast.com\/wordpress\/plugins\/seo\/ -->\n<title>09\/04: Masecki &amp; Ravitz [SOLD OUT] - jassmine<\/title>\n<meta name=\"robots\" content=\"index, follow, max-snippet:-1, max-image-preview:large, max-video-preview:-1\" \/>\n<link rel=\"canonical\" href=\"https:\/\/jassmine.com\/en\/concert\/09-04-masecki-ravitz\/\" \/>\n<meta property=\"og:locale\" content=\"en_US\" \/>\n<meta property=\"og:type\" content=\"article\" \/>\n<meta property=\"og:title\" content=\"09\/04: Masecki &amp; Ravitz [SOLD OUT] - jassmine\" \/>\n<meta property=\"og:description\" content=\"Jedyny taki duet na wyj\u0105tkowym koncercie w Jassmine \u2013 Masecki &amp; Ravitz! Z Zivem Ravitzem poznali\u015bmy si\u0119 przy okazji koncertu Dominica Millera. Od razu znale\u017ali\u015bmy wsp\u00f3lny j\u0119zyk i szukali\u015bmy kolejnych powod\u00f3w do scrossowania naszych dzia\u0142a\u0144 \u2013 byli\u015bmy (i nadal jeste\u015bmy) pod ogromnym wra\u017ceniem jego zdolno\u015bci perkusyjnych. Dzi\u0119ki d\u0142ugoletniej znajomo\u015bci Marcin Maseckiego i Ziva, kt\u00f3rzy poznali [&hellip;]\" \/>\n<meta property=\"og:url\" content=\"https:\/\/jassmine.com\/en\/concert\/09-04-masecki-ravitz\/\" \/>\n<meta property=\"og:site_name\" content=\"jassmine\" \/>\n<meta name=\"twitter:card\" content=\"summary_large_image\" \/>\n<meta name=\"twitter:label1\" content=\"Est. reading time\" \/>\n\t<meta name=\"twitter:data1\" content=\"1 minute\" \/>\n<script type=\"application\/ld+json\" class=\"yoast-schema-graph\">{\"@context\":\"https:\/\/schema.org\",\"@graph\":[{\"@type\":\"WebPage\",\"@id\":\"https:\/\/jassmine.com\/en\/concert\/09-04-masecki-ravitz\/\",\"url\":\"https:\/\/jassmine.com\/en\/concert\/09-04-masecki-ravitz\/\",\"name\":\"09\/04: Masecki & Ravitz [SOLD OUT] - jassmine\",\"isPartOf\":{\"@id\":\"https:\/\/jassmine.com\/en\/#website\"},\"datePublished\":\"2022-03-24T15:21:52+00:00\",\"breadcrumb\":{\"@id\":\"https:\/\/jassmine.com\/en\/concert\/09-04-masecki-ravitz\/#breadcrumb\"},\"inLanguage\":\"en-US\",\"potentialAction\":[{\"@type\":\"ReadAction\",\"target\":[\"https:\/\/jassmine.com\/en\/concert\/09-04-masecki-ravitz\/\"]}]},{\"@type\":\"BreadcrumbList\",\"@id\":\"https:\/\/jassmine.com\/en\/concert\/09-04-masecki-ravitz\/#breadcrumb\",\"itemListElement\":[{\"@type\":\"ListItem\",\"position\":1,\"name\":\"Home\",\"item\":\"https:\/\/jassmine.com\/en\/\"},{\"@type\":\"ListItem\",\"position\":2,\"name\":\"09\/04: Masecki &#038; Ravitz [SOLD OUT]\"}]},{\"@type\":\"WebSite\",\"@id\":\"https:\/\/jassmine.com\/en\/#website\",\"url\":\"https:\/\/jassmine.com\/en\/\",\"name\":\"jassmine\",\"description\":\"\",\"potentialAction\":[{\"@type\":\"SearchAction\",\"target\":{\"@type\":\"EntryPoint\",\"urlTemplate\":\"https:\/\/jassmine.com\/en\/?s={search_term_string}\"},\"query-input\":{\"@type\":\"PropertyValueSpecification\",\"valueRequired\":true,\"valueName\":\"search_term_string\"}}],\"inLanguage\":\"en-US\"}]}<\/script>\n<!-- \/ Yoast SEO plugin. -->","yoast_head_json":{"title":"09\/04: Masecki & Ravitz [SOLD OUT] - jassmine","robots":{"index":"index","follow":"follow","max-snippet":"max-snippet:-1","max-image-preview":"max-image-preview:large","max-video-preview":"max-video-preview:-1"},"canonical":"https:\/\/jassmine.com\/en\/concert\/09-04-masecki-ravitz\/","og_locale":"en_US","og_type":"article","og_title":"09\/04: Masecki & Ravitz [SOLD OUT] - jassmine","og_description":"Jedyny taki duet na wyj\u0105tkowym koncercie w Jassmine \u2013 Masecki &amp; Ravitz! Z Zivem Ravitzem poznali\u015bmy si\u0119 przy okazji koncertu Dominica Millera. Od razu znale\u017ali\u015bmy wsp\u00f3lny j\u0119zyk i szukali\u015bmy kolejnych powod\u00f3w do scrossowania naszych dzia\u0142a\u0144 \u2013 byli\u015bmy (i nadal jeste\u015bmy) pod ogromnym wra\u017ceniem jego zdolno\u015bci perkusyjnych. Dzi\u0119ki d\u0142ugoletniej znajomo\u015bci Marcin Maseckiego i Ziva, kt\u00f3rzy poznali [&hellip;]","og_url":"https:\/\/jassmine.com\/en\/concert\/09-04-masecki-ravitz\/","og_site_name":"jassmine","twitter_card":"summary_large_image","twitter_misc":{"Est. reading time":"1 minute"},"schema":{"@context":"https:\/\/schema.org","@graph":[{"@type":"WebPage","@id":"https:\/\/jassmine.com\/en\/concert\/09-04-masecki-ravitz\/","url":"https:\/\/jassmine.com\/en\/concert\/09-04-masecki-ravitz\/","name":"09\/04: Masecki & Ravitz [SOLD OUT] - jassmine","isPartOf":{"@id":"https:\/\/jassmine.com\/en\/#website"},"datePublished":"2022-03-24T15:21:52+00:00","breadcrumb":{"@id":"https:\/\/jassmine.com\/en\/concert\/09-04-masecki-ravitz\/#breadcrumb"},"inLanguage":"en-US","potentialAction":[{"@type":"ReadAction","target":["https:\/\/jassmine.com\/en\/concert\/09-04-masecki-ravitz\/"]}]},{"@type":"BreadcrumbList","@id":"https:\/\/jassmine.com\/en\/concert\/09-04-masecki-ravitz\/#breadcrumb","itemListElement":[{"@type":"ListItem","position":1,"name":"Home","item":"https:\/\/jassmine.com\/en\/"},{"@type":"ListItem","position":2,"name":"09\/04: Masecki &#038; Ravitz [SOLD OUT]"}]},{"@type":"WebSite","@id":"https:\/\/jassmine.com\/en\/#website","url":"https:\/\/jassmine.com\/en\/","name":"jassmine","description":"","potentialAction":[{"@type":"SearchAction","target":{"@type":"EntryPoint","urlTemplate":"https:\/\/jassmine.com\/en\/?s={search_term_string}"},"query-input":{"@type":"PropertyValueSpecification","valueRequired":true,"valueName":"search_term_string"}}],"inLanguage":"en-US"}]}},"_links":{"self":[{"href":"https:\/\/jassmine.com\/en\/wp-json\/wp\/v2\/concert\/1126","targetHints":{"allow":["GET"]}}],"collection":[{"href":"https:\/\/jassmine.com\/en\/wp-json\/wp\/v2\/concert"}],"about":[{"href":"https:\/\/jassmine.com\/en\/wp-json\/wp\/v2\/types\/concert"}],"wp:attachment":[{"href":"https:\/\/jassmine.com\/en\/wp-json\/wp\/v2\/media?parent=1126"}],"curies":[{"name":"wp","href":"https:\/\/api.w.org\/{rel}","templated":true}]}}