{"id":1476,"date":"2022-09-12T20:10:55","date_gmt":"2022-09-12T18:10:55","guid":{"rendered":"https:\/\/jassmine.com\/?post_type=events&amp;p=1476"},"modified":"2022-09-12T20:10:55","modified_gmt":"2022-09-12T18:10:55","slug":"23-10-jazz-po-polsku-piotr-budniak-essential-group-milosz-oleniecki-trio","status":"publish","type":"concert","link":"https:\/\/jassmine.com\/en\/concert\/23-10-jazz-po-polsku-piotr-budniak-essential-group-milosz-oleniecki-trio\/","title":{"rendered":"23\/10: Jazz Po Polsku: Piotr Budniak Essential Group \/ Mi\u0142osz Oleniecki Trio"},"content":{"rendered":"\n<p>Czo\u0142\u00f3wka polskiej sceny jazzowej w ramach JAZZ PO POLSKU \u201eLive Session for China &amp; Korea 2022\u201d od wrze\u015bnia w Jassmine! Kolejnymi wyst\u0119pami, jakie zaprezentujemy naszej publiczno\u015bci b\u0119d\u0105 Piotr Budniak Essential Group i Mi\u0142osz Oleniecki Trio.<\/p>\n\n\n\n<p>Mi\u0142o\u015b\u0107 do muzyki improwizowanej i idea w\u0142asnego zespo\u0142u towarzyszy\u0142a Piotrowi Budniakowi odk\u0105d pami\u0119ta. Zrodzona w latach m\u0142odzie\u0144czych wizja szybko zaowocowa\u0142a debiutem na profesjonalnej scenie jazzowej &#8211; ju\u017c w wieku 15 lat wraz ze swoim pierwszym zespo\u0142em Piotr Budniak Quintet zdoby\u0142 II miejsce na jednym z najbardziej presti\u017cowych polskich konkurs\u00f3w jazzowych &#8211; Jazz Juniors.Kontynuacja m\u0142odzie\u0144czych marze\u0144 nabra\u0142a jednak prawdziwego rozp\u0119du podczas studi\u00f3w na Akademiach Muzycznych w Katowicach i Krakowie, gdy w 2014 gromadz\u0105c w ok\u00f3\u0142 siebie najbardziej charakterystyczne g\u0142osy jazzowych improwizator\u00f3w swojego pokolenia za\u0142o\u017cy\u0142 Piotr Budniak Essential Group.<\/p>\n\n\n\n<p>Sk\u0142ad:<br>Wojciech Lichta\u0144ski &#8211; saksofony, flet<br>Kajetan Borowski &#8211; fortepian<br>Piotr Narajowski &#8211; kontrabas<br>Piotr Budniak &#8211; perkusja<\/p>\n\n\n\n<p>Na program Mi\u0142osz Oleniecki Trio sk\u0142adaj\u0105 si\u0119 autorskie kompozycje lidera projektu Mi\u0142osza Olenieckiego, kt\u00f3re cz\u0119sto \u0142\u0105cz\u0105 ze sob\u0105 harmonik\u0119 jazzow\u0105 z liryzmem i melodyk\u0105 muzyki ludowej (polskiej, klezmerskiej) oraz swobodn\u0105 improwizacj\u0105. Muzycy ch\u0119tnie si\u0119gaj\u0105 r\u00f3wnie\u017c po ulubione standardy jazzowe oraz utwory ulubionych wykonawc\u00f3w (np. Shai Meastro, Omer Klein, Omer Avital), aby nada\u0107 ka\u017cdemu z koncert\u00f3w niepowtarzalny charakter. Premiera debiutanckiego albumu formacji odby\u0142a si\u0119 9.09.2021.<\/p>\n\n\n\n<p>Sk\u0142ad:<br>Mi\u0142osz Oleniecki \u2013 piano,<br>Pawe\u0142 Zwierzy\u0144ski-Pi\u00f3ro \u2013 kontrabas,<br>Rafa\u0142 Dutkiewicz \u2013 perkusja<\/p>\n\n\n\n<p>Drzwi \u2013 19:00<br>Start I koncertu \u2013 20:30<br>Start II koncertu \u2013 22:00<\/p>\n\n\n\n<p>Do zobaczenia!<\/p>\n","protected":false},"template":"","meta":{"_acf_changed":false,"inline_featured_image":false},"class_list":["post-1476","concert","type-concert","status-publish","hentry"],"acf":[],"yoast_head":"<!-- This site is optimized with the Yoast SEO plugin v26.4 - https:\/\/yoast.com\/wordpress\/plugins\/seo\/ -->\n<title>23\/10: Jazz Po Polsku: Piotr Budniak Essential Group \/ Mi\u0142osz Oleniecki Trio - jassmine<\/title>\n<meta name=\"robots\" content=\"index, follow, max-snippet:-1, max-image-preview:large, max-video-preview:-1\" \/>\n<link rel=\"canonical\" href=\"https:\/\/jassmine.com\/en\/concert\/23-10-jazz-po-polsku-piotr-budniak-essential-group-milosz-oleniecki-trio\/\" \/>\n<meta property=\"og:locale\" content=\"en_US\" \/>\n<meta property=\"og:type\" content=\"article\" \/>\n<meta property=\"og:title\" content=\"23\/10: Jazz Po Polsku: Piotr Budniak Essential Group \/ Mi\u0142osz Oleniecki Trio - jassmine\" \/>\n<meta property=\"og:description\" content=\"Czo\u0142\u00f3wka polskiej sceny jazzowej w ramach JAZZ PO POLSKU \u201eLive Session for China &amp; Korea 2022\u201d od wrze\u015bnia w Jassmine! Kolejnymi wyst\u0119pami, jakie zaprezentujemy naszej publiczno\u015bci b\u0119d\u0105 Piotr Budniak Essential Group i Mi\u0142osz Oleniecki Trio. Mi\u0142o\u015b\u0107 do muzyki improwizowanej i idea w\u0142asnego zespo\u0142u towarzyszy\u0142a Piotrowi Budniakowi odk\u0105d pami\u0119ta. Zrodzona w latach m\u0142odzie\u0144czych wizja szybko zaowocowa\u0142a [&hellip;]\" \/>\n<meta property=\"og:url\" content=\"https:\/\/jassmine.com\/en\/concert\/23-10-jazz-po-polsku-piotr-budniak-essential-group-milosz-oleniecki-trio\/\" \/>\n<meta property=\"og:site_name\" content=\"jassmine\" \/>\n<meta name=\"twitter:card\" content=\"summary_large_image\" \/>\n<meta name=\"twitter:label1\" content=\"Est. reading time\" \/>\n\t<meta name=\"twitter:data1\" content=\"1 minute\" \/>\n<script type=\"application\/ld+json\" class=\"yoast-schema-graph\">{\"@context\":\"https:\/\/schema.org\",\"@graph\":[{\"@type\":\"WebPage\",\"@id\":\"https:\/\/jassmine.com\/en\/concert\/23-10-jazz-po-polsku-piotr-budniak-essential-group-milosz-oleniecki-trio\/\",\"url\":\"https:\/\/jassmine.com\/en\/concert\/23-10-jazz-po-polsku-piotr-budniak-essential-group-milosz-oleniecki-trio\/\",\"name\":\"23\/10: Jazz Po Polsku: Piotr Budniak Essential Group \/ Mi\u0142osz Oleniecki Trio - jassmine\",\"isPartOf\":{\"@id\":\"https:\/\/jassmine.com\/en\/#website\"},\"datePublished\":\"2022-09-12T18:10:55+00:00\",\"breadcrumb\":{\"@id\":\"https:\/\/jassmine.com\/en\/concert\/23-10-jazz-po-polsku-piotr-budniak-essential-group-milosz-oleniecki-trio\/#breadcrumb\"},\"inLanguage\":\"en-US\",\"potentialAction\":[{\"@type\":\"ReadAction\",\"target\":[\"https:\/\/jassmine.com\/en\/concert\/23-10-jazz-po-polsku-piotr-budniak-essential-group-milosz-oleniecki-trio\/\"]}]},{\"@type\":\"BreadcrumbList\",\"@id\":\"https:\/\/jassmine.com\/en\/concert\/23-10-jazz-po-polsku-piotr-budniak-essential-group-milosz-oleniecki-trio\/#breadcrumb\",\"itemListElement\":[{\"@type\":\"ListItem\",\"position\":1,\"name\":\"Home\",\"item\":\"https:\/\/jassmine.com\/en\/\"},{\"@type\":\"ListItem\",\"position\":2,\"name\":\"23\/10: Jazz Po Polsku: Piotr Budniak Essential Group \/ Mi\u0142osz Oleniecki Trio\"}]},{\"@type\":\"WebSite\",\"@id\":\"https:\/\/jassmine.com\/en\/#website\",\"url\":\"https:\/\/jassmine.com\/en\/\",\"name\":\"jassmine\",\"description\":\"\",\"potentialAction\":[{\"@type\":\"SearchAction\",\"target\":{\"@type\":\"EntryPoint\",\"urlTemplate\":\"https:\/\/jassmine.com\/en\/?s={search_term_string}\"},\"query-input\":{\"@type\":\"PropertyValueSpecification\",\"valueRequired\":true,\"valueName\":\"search_term_string\"}}],\"inLanguage\":\"en-US\"}]}<\/script>\n<!-- \/ Yoast SEO plugin. -->","yoast_head_json":{"title":"23\/10: Jazz Po Polsku: Piotr Budniak Essential Group \/ Mi\u0142osz Oleniecki Trio - jassmine","robots":{"index":"index","follow":"follow","max-snippet":"max-snippet:-1","max-image-preview":"max-image-preview:large","max-video-preview":"max-video-preview:-1"},"canonical":"https:\/\/jassmine.com\/en\/concert\/23-10-jazz-po-polsku-piotr-budniak-essential-group-milosz-oleniecki-trio\/","og_locale":"en_US","og_type":"article","og_title":"23\/10: Jazz Po Polsku: Piotr Budniak Essential Group \/ Mi\u0142osz Oleniecki Trio - jassmine","og_description":"Czo\u0142\u00f3wka polskiej sceny jazzowej w ramach JAZZ PO POLSKU \u201eLive Session for China &amp; Korea 2022\u201d od wrze\u015bnia w Jassmine! Kolejnymi wyst\u0119pami, jakie zaprezentujemy naszej publiczno\u015bci b\u0119d\u0105 Piotr Budniak Essential Group i Mi\u0142osz Oleniecki Trio. Mi\u0142o\u015b\u0107 do muzyki improwizowanej i idea w\u0142asnego zespo\u0142u towarzyszy\u0142a Piotrowi Budniakowi odk\u0105d pami\u0119ta. Zrodzona w latach m\u0142odzie\u0144czych wizja szybko zaowocowa\u0142a [&hellip;]","og_url":"https:\/\/jassmine.com\/en\/concert\/23-10-jazz-po-polsku-piotr-budniak-essential-group-milosz-oleniecki-trio\/","og_site_name":"jassmine","twitter_card":"summary_large_image","twitter_misc":{"Est. reading time":"1 minute"},"schema":{"@context":"https:\/\/schema.org","@graph":[{"@type":"WebPage","@id":"https:\/\/jassmine.com\/en\/concert\/23-10-jazz-po-polsku-piotr-budniak-essential-group-milosz-oleniecki-trio\/","url":"https:\/\/jassmine.com\/en\/concert\/23-10-jazz-po-polsku-piotr-budniak-essential-group-milosz-oleniecki-trio\/","name":"23\/10: Jazz Po Polsku: Piotr Budniak Essential Group \/ Mi\u0142osz Oleniecki Trio - jassmine","isPartOf":{"@id":"https:\/\/jassmine.com\/en\/#website"},"datePublished":"2022-09-12T18:10:55+00:00","breadcrumb":{"@id":"https:\/\/jassmine.com\/en\/concert\/23-10-jazz-po-polsku-piotr-budniak-essential-group-milosz-oleniecki-trio\/#breadcrumb"},"inLanguage":"en-US","potentialAction":[{"@type":"ReadAction","target":["https:\/\/jassmine.com\/en\/concert\/23-10-jazz-po-polsku-piotr-budniak-essential-group-milosz-oleniecki-trio\/"]}]},{"@type":"BreadcrumbList","@id":"https:\/\/jassmine.com\/en\/concert\/23-10-jazz-po-polsku-piotr-budniak-essential-group-milosz-oleniecki-trio\/#breadcrumb","itemListElement":[{"@type":"ListItem","position":1,"name":"Home","item":"https:\/\/jassmine.com\/en\/"},{"@type":"ListItem","position":2,"name":"23\/10: Jazz Po Polsku: Piotr Budniak Essential Group \/ Mi\u0142osz Oleniecki Trio"}]},{"@type":"WebSite","@id":"https:\/\/jassmine.com\/en\/#website","url":"https:\/\/jassmine.com\/en\/","name":"jassmine","description":"","potentialAction":[{"@type":"SearchAction","target":{"@type":"EntryPoint","urlTemplate":"https:\/\/jassmine.com\/en\/?s={search_term_string}"},"query-input":{"@type":"PropertyValueSpecification","valueRequired":true,"valueName":"search_term_string"}}],"inLanguage":"en-US"}]}},"_links":{"self":[{"href":"https:\/\/jassmine.com\/en\/wp-json\/wp\/v2\/concert\/1476","targetHints":{"allow":["GET"]}}],"collection":[{"href":"https:\/\/jassmine.com\/en\/wp-json\/wp\/v2\/concert"}],"about":[{"href":"https:\/\/jassmine.com\/en\/wp-json\/wp\/v2\/types\/concert"}],"wp:attachment":[{"href":"https:\/\/jassmine.com\/en\/wp-json\/wp\/v2\/media?parent=1476"}],"curies":[{"name":"wp","href":"https:\/\/api.w.org\/{rel}","templated":true}]}}