{"id":1541,"date":"2022-10-06T17:11:54","date_gmt":"2022-10-06T15:11:54","guid":{"rendered":"https:\/\/jassmine.com\/?post_type=events&amp;p=1541"},"modified":"2022-10-06T17:11:54","modified_gmt":"2022-10-06T15:11:54","slug":"17-12-maciej-obara-quartet-10-lecie-zespolu","status":"publish","type":"concert","link":"https:\/\/jassmine.com\/en\/concert\/17-12-maciej-obara-quartet-10-lecie-zespolu\/","title":{"rendered":"17\/12: Maciej Obara Quartet &#8211; 10-Lecie Zespo\u0142u [SOLD OUT]"},"content":{"rendered":"\n<p>Spotkajmy si\u0119 na 10-leciu Maciej Obara Quartet!<\/p>\n\n\n\n<p>Maciej Obara Quartet to historia wieloletniej przyja\u017ani, wytrwa\u0142o\u015bci oraz ci\u0119\u017ckiej pracy. To r\u00f3wnie\u017c historia spotkania czterech nietuzinkowych artyst\u00f3w, kt\u00f3rych natychmiast po\u0142\u0105czy\u0142a wsp\u00f3lna wizja oraz wra\u017cliwo\u015b\u0107 muzyczna. I ta wyj\u0105tkowa muzyczna przyja\u017a\u0144 przetrwa\u0142a, zar\u00f3wno trudne pocz\u0105tku mi\u0119dzynarodowej kariery, kiedy to nazwisko Obara po raz pierwszy zacz\u0119\u0142o pojawia\u0107 si\u0119 na afiszach zagranicznych festiwali, trudny etap przygotowa\u0144 do sesji nagraniowych z jednym z najbardziej wymagaj\u0105cych producent\u00f3w na \u015bwiecie Manfredem Eicherem, jak i r\u00f3wnie\u017c okres pandemii wraz z zakazem podr\u00f3\u017cowania mi\u0119dzy krajami, a co za tym idzie niemo\u017cno\u015bci\u0105 wsp\u00f3lnego koncertowania. Ten ostatni, najtrudniejszy okres w historii zespo\u0142u, pokaza\u0142 jednak, \u017ce kwartet \u0142\u0105cz\u0105 bardzo silne wi\u0119zi, kt\u00f3re w okresie roz\u0142\u0105ki jedynie si\u0119 wzmocni\u0142y, a muzycy ze zdwojon\u0105 motywacj\u0105 i energi\u0105 powr\u00f3cili na mi\u0119dzynarodowe sceny.<\/p>\n\n\n\n<p>Na pami\u0119tnej pierwszej edycji festiwalu Katowice Jazzart, Maciej Obara, Dominik Wania, Ole Morten Vagan i Gard Nilssen po raz pierwszy wyst\u0105pili wsp\u00f3lnie na scenie Kinoteatru Rialto i to w\u0142a\u015bnie wtedy rozpocz\u0119\u0142a si\u0119 ich wsp\u00f3lna historia. I to w\u0142a\u015bnie pragniemy uczci\u0107 tegoroczn\u0105 tras\u0105 koncertow\u0105, kt\u00f3ra podsumuje 10 lat istnienia zespo\u0142u, niezliczon\u0105 liczb\u0119 koncert\u00f3w oraz 5 wsp\u00f3lnie nagranych p\u0142yt.<\/p>\n\n\n\n<p>Kwartet Obary jest zespo\u0142em wyj\u0105tkowym, kt\u00f3ry tworzy muzyk\u0119 wielowarstwow\u0105. To sojusz niezwykle indywidualnych osobowo\u015bci, instrumentalist\u00f3w kt\u00f3rzy oddali si\u0119 wsp\u00f3\u0142pracy w grupie, jednocze\u015bnie potrafi\u0105c odnale\u017a\u0107 przestrze\u0144 do w\u0142asnej ekspresji. Doskona\u0142\u0105 r\u00f3wnowag\u0119 dla intensywnego brzmienia saksofonu altowego Obary, oscyluj\u0105cego mi\u0119dzy liryzmem i wybuchowo\u015bci\u0105, stanowi Dominik Wania, pianista o doskona\u0142ej technice i klasycznym wykszta\u0142ceniu. Obara i Wania to \u201eimprowizatorzy o kosmicznej energii\u201d, jak okre\u015bli\u0142 ich John Fordham z \u201eThe Guardian\u201d. Wania po uko\u0144czeniu z wyr\u00f3\u017cnieniem krakowskiej Akademii Muzycznej odnalaz\u0142 swoj\u0105 \u015bcie\u017ck\u0119 w muzyce jazzowej. Ju\u017c od pierwszego spotkania m\u0142odych artyst\u00f3w w zespole Tomasza Sta\u0144ki by\u0142o jasne, \u017ce impulsywnego i otwartego saksofonist\u0119 oraz introwertycznego i analitycznego pianist\u0119 po\u0142\u0105czy g\u0142\u0119bokie muzyczne porozumienie.<\/p>\n\n\n\n<p>Norwegowie Ole Morten V\u00e5gan oraz Gard Nilssen, wsp\u00f3\u0142pracowali wcze\u015bniej w wielu projektach, ale to w\u0142a\u015bnie w zespole polskiego saksofonisty odnale\u017ali pe\u0142n\u0105 muzyczn\u0105 synergi\u0119.<\/p>\n\n\n\n<p>Na koncercie go\u015bcinnie wyst\u0105pi kwartet s\u0142owe\u0144skiego saksofonisty Luki Zabrica. Koncert The Gatherers jest organizowany w ramach projektu Footprints.<\/p>\n\n\n\n<p>Sk\u0142ad: Maciej Obara Quartet: <br>Maciej Obara &#8211; Saksofon <br>Dominik Wania &#8211; fortepian <br>Ole Morten Vagan &#8211; kontrabas <br>Gard Nilssen &#8211; perkusja<\/p>\n\n\n\n<p>Luka Zabric &amp; The Gatherers: <br>Nikola Vukovi\u0107 &#8211; trumpet &amp; pocket trumpet; <br>Luka Zabric &#8211; alto saxophone; <br>Tin D\u017eaferovi\u0107 &#8211; double bass; <br>Luis Oliveira &#8211; drums<\/p>\n\n\n\n<p>Trasa koncertowa jest dofinansowana ze \u015brodk\u00f3w Ministra Kultury i Dziedzictwa Narodowego pochodz\u0105cych z Funduszu Promocji Kultury w ramach programu \u201eMuzyka\u201d, realizowanego przez Narodowy Instytut Muzyki i Ta\u0144ca<\/p>\n\n\n\n<p>Pos\u0142uchaj: <br>https:\/\/youtu.be\/Rt8dIUNdVW0 <br>https:\/\/youtu.be\/2VxDR2jnuPo https:\/\/youtu.be\/Egr_B-ilpyQ<\/p>\n\n\n\n<p>Drzwi 19:00 Koncert 20:30<\/p>\n\n\n\n<p>Do zobaczenia!<\/p>\n","protected":false},"template":"","meta":{"_acf_changed":false,"inline_featured_image":false},"class_list":["post-1541","concert","type-concert","status-publish","hentry"],"acf":[],"yoast_head":"<!-- This site is optimized with the Yoast SEO plugin v26.4 - https:\/\/yoast.com\/wordpress\/plugins\/seo\/ -->\n<title>17\/12: Maciej Obara Quartet - 10-Lecie Zespo\u0142u [SOLD OUT] - jassmine<\/title>\n<meta name=\"robots\" content=\"index, follow, max-snippet:-1, max-image-preview:large, max-video-preview:-1\" \/>\n<link rel=\"canonical\" href=\"https:\/\/jassmine.com\/en\/concert\/17-12-maciej-obara-quartet-10-lecie-zespolu\/\" \/>\n<meta property=\"og:locale\" content=\"en_US\" \/>\n<meta property=\"og:type\" content=\"article\" \/>\n<meta property=\"og:title\" content=\"17\/12: Maciej Obara Quartet - 10-Lecie Zespo\u0142u [SOLD OUT] - jassmine\" \/>\n<meta property=\"og:description\" content=\"Spotkajmy si\u0119 na 10-leciu Maciej Obara Quartet! Maciej Obara Quartet to historia wieloletniej przyja\u017ani, wytrwa\u0142o\u015bci oraz ci\u0119\u017ckiej pracy. To r\u00f3wnie\u017c historia spotkania czterech nietuzinkowych artyst\u00f3w, kt\u00f3rych natychmiast po\u0142\u0105czy\u0142a wsp\u00f3lna wizja oraz wra\u017cliwo\u015b\u0107 muzyczna. I ta wyj\u0105tkowa muzyczna przyja\u017a\u0144 przetrwa\u0142a, zar\u00f3wno trudne pocz\u0105tku mi\u0119dzynarodowej kariery, kiedy to nazwisko Obara po raz pierwszy zacz\u0119\u0142o pojawia\u0107 si\u0119 na [&hellip;]\" \/>\n<meta property=\"og:url\" content=\"https:\/\/jassmine.com\/en\/concert\/17-12-maciej-obara-quartet-10-lecie-zespolu\/\" \/>\n<meta property=\"og:site_name\" content=\"jassmine\" \/>\n<meta name=\"twitter:card\" content=\"summary_large_image\" \/>\n<meta name=\"twitter:label1\" content=\"Est. reading time\" \/>\n\t<meta name=\"twitter:data1\" content=\"3 minutes\" \/>\n<script type=\"application\/ld+json\" class=\"yoast-schema-graph\">{\"@context\":\"https:\/\/schema.org\",\"@graph\":[{\"@type\":\"WebPage\",\"@id\":\"https:\/\/jassmine.com\/en\/concert\/17-12-maciej-obara-quartet-10-lecie-zespolu\/\",\"url\":\"https:\/\/jassmine.com\/en\/concert\/17-12-maciej-obara-quartet-10-lecie-zespolu\/\",\"name\":\"17\/12: Maciej Obara Quartet - 10-Lecie Zespo\u0142u [SOLD OUT] - jassmine\",\"isPartOf\":{\"@id\":\"https:\/\/jassmine.com\/en\/#website\"},\"datePublished\":\"2022-10-06T15:11:54+00:00\",\"breadcrumb\":{\"@id\":\"https:\/\/jassmine.com\/en\/concert\/17-12-maciej-obara-quartet-10-lecie-zespolu\/#breadcrumb\"},\"inLanguage\":\"en-US\",\"potentialAction\":[{\"@type\":\"ReadAction\",\"target\":[\"https:\/\/jassmine.com\/en\/concert\/17-12-maciej-obara-quartet-10-lecie-zespolu\/\"]}]},{\"@type\":\"BreadcrumbList\",\"@id\":\"https:\/\/jassmine.com\/en\/concert\/17-12-maciej-obara-quartet-10-lecie-zespolu\/#breadcrumb\",\"itemListElement\":[{\"@type\":\"ListItem\",\"position\":1,\"name\":\"Home\",\"item\":\"https:\/\/jassmine.com\/en\/\"},{\"@type\":\"ListItem\",\"position\":2,\"name\":\"17\/12: Maciej Obara Quartet &#8211; 10-Lecie Zespo\u0142u [SOLD OUT]\"}]},{\"@type\":\"WebSite\",\"@id\":\"https:\/\/jassmine.com\/en\/#website\",\"url\":\"https:\/\/jassmine.com\/en\/\",\"name\":\"jassmine\",\"description\":\"\",\"potentialAction\":[{\"@type\":\"SearchAction\",\"target\":{\"@type\":\"EntryPoint\",\"urlTemplate\":\"https:\/\/jassmine.com\/en\/?s={search_term_string}\"},\"query-input\":{\"@type\":\"PropertyValueSpecification\",\"valueRequired\":true,\"valueName\":\"search_term_string\"}}],\"inLanguage\":\"en-US\"}]}<\/script>\n<!-- \/ Yoast SEO plugin. -->","yoast_head_json":{"title":"17\/12: Maciej Obara Quartet - 10-Lecie Zespo\u0142u [SOLD OUT] - jassmine","robots":{"index":"index","follow":"follow","max-snippet":"max-snippet:-1","max-image-preview":"max-image-preview:large","max-video-preview":"max-video-preview:-1"},"canonical":"https:\/\/jassmine.com\/en\/concert\/17-12-maciej-obara-quartet-10-lecie-zespolu\/","og_locale":"en_US","og_type":"article","og_title":"17\/12: Maciej Obara Quartet - 10-Lecie Zespo\u0142u [SOLD OUT] - jassmine","og_description":"Spotkajmy si\u0119 na 10-leciu Maciej Obara Quartet! Maciej Obara Quartet to historia wieloletniej przyja\u017ani, wytrwa\u0142o\u015bci oraz ci\u0119\u017ckiej pracy. To r\u00f3wnie\u017c historia spotkania czterech nietuzinkowych artyst\u00f3w, kt\u00f3rych natychmiast po\u0142\u0105czy\u0142a wsp\u00f3lna wizja oraz wra\u017cliwo\u015b\u0107 muzyczna. I ta wyj\u0105tkowa muzyczna przyja\u017a\u0144 przetrwa\u0142a, zar\u00f3wno trudne pocz\u0105tku mi\u0119dzynarodowej kariery, kiedy to nazwisko Obara po raz pierwszy zacz\u0119\u0142o pojawia\u0107 si\u0119 na [&hellip;]","og_url":"https:\/\/jassmine.com\/en\/concert\/17-12-maciej-obara-quartet-10-lecie-zespolu\/","og_site_name":"jassmine","twitter_card":"summary_large_image","twitter_misc":{"Est. reading time":"3 minutes"},"schema":{"@context":"https:\/\/schema.org","@graph":[{"@type":"WebPage","@id":"https:\/\/jassmine.com\/en\/concert\/17-12-maciej-obara-quartet-10-lecie-zespolu\/","url":"https:\/\/jassmine.com\/en\/concert\/17-12-maciej-obara-quartet-10-lecie-zespolu\/","name":"17\/12: Maciej Obara Quartet - 10-Lecie Zespo\u0142u [SOLD OUT] - jassmine","isPartOf":{"@id":"https:\/\/jassmine.com\/en\/#website"},"datePublished":"2022-10-06T15:11:54+00:00","breadcrumb":{"@id":"https:\/\/jassmine.com\/en\/concert\/17-12-maciej-obara-quartet-10-lecie-zespolu\/#breadcrumb"},"inLanguage":"en-US","potentialAction":[{"@type":"ReadAction","target":["https:\/\/jassmine.com\/en\/concert\/17-12-maciej-obara-quartet-10-lecie-zespolu\/"]}]},{"@type":"BreadcrumbList","@id":"https:\/\/jassmine.com\/en\/concert\/17-12-maciej-obara-quartet-10-lecie-zespolu\/#breadcrumb","itemListElement":[{"@type":"ListItem","position":1,"name":"Home","item":"https:\/\/jassmine.com\/en\/"},{"@type":"ListItem","position":2,"name":"17\/12: Maciej Obara Quartet &#8211; 10-Lecie Zespo\u0142u [SOLD OUT]"}]},{"@type":"WebSite","@id":"https:\/\/jassmine.com\/en\/#website","url":"https:\/\/jassmine.com\/en\/","name":"jassmine","description":"","potentialAction":[{"@type":"SearchAction","target":{"@type":"EntryPoint","urlTemplate":"https:\/\/jassmine.com\/en\/?s={search_term_string}"},"query-input":{"@type":"PropertyValueSpecification","valueRequired":true,"valueName":"search_term_string"}}],"inLanguage":"en-US"}]}},"_links":{"self":[{"href":"https:\/\/jassmine.com\/en\/wp-json\/wp\/v2\/concert\/1541","targetHints":{"allow":["GET"]}}],"collection":[{"href":"https:\/\/jassmine.com\/en\/wp-json\/wp\/v2\/concert"}],"about":[{"href":"https:\/\/jassmine.com\/en\/wp-json\/wp\/v2\/types\/concert"}],"wp:attachment":[{"href":"https:\/\/jassmine.com\/en\/wp-json\/wp\/v2\/media?parent=1541"}],"curies":[{"name":"wp","href":"https:\/\/api.w.org\/{rel}","templated":true}]}}