{"id":1701,"date":"2023-01-09T10:58:45","date_gmt":"2023-01-09T09:58:45","guid":{"rendered":"https:\/\/jassmine.com\/?post_type=events&amp;p=1701"},"modified":"2023-01-09T10:58:45","modified_gmt":"2023-01-09T09:58:45","slug":"29-01-mateusz-gaweda-trio","status":"publish","type":"concert","link":"https:\/\/jassmine.com\/en\/concert\/29-01-mateusz-gaweda-trio\/","title":{"rendered":"29\/01: Mateusz Gaw\u0119da Trio [SOLD OUT]"},"content":{"rendered":"\n<p>Cykl Jazz Po Polsku po kr\u00f3tkiej przerwie powraca do Jassmine!<\/p>\n\n\n\n<p><strong>W ramach projektu JAZZ PO POLSKU \u201eWarsaw Live Sessions\u201d odb\u0119dzie si\u0119 50 autorskich koncert\u00f3w czo\u0142\u00f3wki polskiej sceny jazzowej, a tak\u017ce go\u015bci zza granicy. Do wakacji zagraj\u0105 m.in. Pawe\u0142 Kaczmarzyk Trio, Piotr Damasiewicz Into The Roots, Siema Ziemia, a go\u015bciem specjalnym b\u0119dzie legendarny ameryka\u0144ski gitarzysta, Mike Stern.<\/strong><\/p>\n\n\n\n<p>Podczas pierwszej sesji wyst\u0105pi Trio Mateusza Gaw\u0119dy.<br>Trio pracuje ze sob\u0105 od 2014 roku. Wykonuje sw\u00f3j autorski program z\u0142o\u017cony z kompozycji Mateusza Gaw\u0119dy, inspirowanych wszelkimi gatunkami muzycznymi, g\u0142\u00f3wnie jazzem z lat 60., muzyk\u0105 europejsk\u0105 XX wieku oraz muzyk\u0105 wsp\u00f3\u0142czesn\u0105. S\u0142owa, kt\u00f3re najlepiej mog\u0142yby opisa\u0107 muzyk\u0119 zespo\u0142u to \u015bwie\u017co\u015b\u0107, dojrza\u0142o\u015b\u0107, emocje, zabawa i ciemno\u015b\u0107.<br>W 2016 roku trio nagra\u0142o debiutancki album pt. \u201cOvernight Tales\u201d, kt\u00f3ry by\u0142 i jest bardzo entuzjastycznie odbierany przez publiczno\u015b\u0107 oraz krytyk\u00f3w (m.in. otrzyma\u0142 nominacj\u0119 do nagrody Fryderyki 2017 w kategorii Muzyka Jazzowa \u2013 Fonograficzny Debiut Roku).<\/p>\n\n\n\n<p>W 2018 ukaza\u0142a si\u0119 kolejna p\u0142yta zespo\u0142u pt. \u201eFalstart\u201d<br><br>Pos\u0142uchaj:<\/p>\n\n\n\n<figure class=\"wp-block-embed-youtube wp-block-embed is-type-video is-provider-youtube wp-embed-aspect-16-9 wp-has-aspect-ratio\"><div class=\"wp-block-embed__wrapper\">\n<iframe loading=\"lazy\" title=\"\ud83c\udfb9  Koncert Mateusz Gaw\u0119da Trio | CKiS Kalisz\" width=\"500\" height=\"281\" src=\"https:\/\/www.youtube.com\/embed\/hqh1z3q2gFI?feature=oembed\" frameborder=\"0\" allow=\"accelerometer; autoplay; clipboard-write; encrypted-media; gyroscope; picture-in-picture; web-share\" referrerpolicy=\"strict-origin-when-cross-origin\" allowfullscreen><\/iframe>\n<\/div><\/figure>\n\n\n\n<figure class=\"wp-block-embed-youtube wp-block-embed is-type-video is-provider-youtube wp-embed-aspect-16-9 wp-has-aspect-ratio\"><div class=\"wp-block-embed__wrapper\">\n<iframe loading=\"lazy\" title=\"Mateusz Gaw\u0119da Trio - Old House\" width=\"500\" height=\"281\" src=\"https:\/\/www.youtube.com\/embed\/E5hz0z9tR2Y?feature=oembed\" frameborder=\"0\" allow=\"accelerometer; autoplay; clipboard-write; encrypted-media; gyroscope; picture-in-picture; web-share\" referrerpolicy=\"strict-origin-when-cross-origin\" allowfullscreen><\/iframe>\n<\/div><\/figure>\n\n\n\n<p>Sk\u0142ad:<br>Mateusz Gaw\u0119da &#8211; piano<br>Alan Wykpisz &#8211; kontrabas<br>Grzegorz Pa\u0142ka &#8211; perkusja<br><br>Drzwi 19:00<br>Koncert 20:30<\/p>\n\n\n\n<p>Wydarzenie jest wsp\u00f3\u0142finansowanie ze \u015brodk\u00f3w\u00a0Urz\u0119du Miasta Sto\u0142ecznego Warszawy.\u00a0<\/p>\n\n\n\n<p>Nie prowadzimy rezerwacji stolik\u00f3w. Zach\u0119camy do wcze\u015bniejszego przybycia i zaj\u0119cia miejsc.<br>Po wyprzedaniu koncertu nie b\u0119dzie prowadzona sprzeda\u017c na bramce.<\/p>\n\n\n\n<p><br>Do zobaczenia!<\/p>\n","protected":false},"template":"","meta":{"_acf_changed":false,"inline_featured_image":false},"class_list":["post-1701","concert","type-concert","status-publish","hentry"],"acf":[],"yoast_head":"<!-- This site is optimized with the Yoast SEO plugin v26.4 - https:\/\/yoast.com\/wordpress\/plugins\/seo\/ -->\n<title>29\/01: Mateusz Gaw\u0119da Trio [SOLD OUT] - jassmine<\/title>\n<meta name=\"robots\" content=\"index, follow, max-snippet:-1, max-image-preview:large, max-video-preview:-1\" \/>\n<link rel=\"canonical\" href=\"https:\/\/jassmine.com\/en\/concert\/29-01-mateusz-gaweda-trio\/\" \/>\n<meta property=\"og:locale\" content=\"en_US\" \/>\n<meta property=\"og:type\" content=\"article\" \/>\n<meta property=\"og:title\" content=\"29\/01: Mateusz Gaw\u0119da Trio [SOLD OUT] - jassmine\" \/>\n<meta property=\"og:description\" content=\"Cykl Jazz Po Polsku po kr\u00f3tkiej przerwie powraca do Jassmine! W ramach projektu JAZZ PO POLSKU \u201eWarsaw Live Sessions\u201d odb\u0119dzie si\u0119 50 autorskich koncert\u00f3w czo\u0142\u00f3wki polskiej sceny jazzowej, a tak\u017ce go\u015bci zza granicy. Do wakacji zagraj\u0105 m.in. Pawe\u0142 Kaczmarzyk Trio, Piotr Damasiewicz Into The Roots, Siema Ziemia, a go\u015bciem specjalnym b\u0119dzie legendarny ameryka\u0144ski gitarzysta, Mike [&hellip;]\" \/>\n<meta property=\"og:url\" content=\"https:\/\/jassmine.com\/en\/concert\/29-01-mateusz-gaweda-trio\/\" \/>\n<meta property=\"og:site_name\" content=\"jassmine\" \/>\n<meta name=\"twitter:card\" content=\"summary_large_image\" \/>\n<meta name=\"twitter:label1\" content=\"Est. reading time\" \/>\n\t<meta name=\"twitter:data1\" content=\"1 minute\" \/>\n<script type=\"application\/ld+json\" class=\"yoast-schema-graph\">{\"@context\":\"https:\/\/schema.org\",\"@graph\":[{\"@type\":\"WebPage\",\"@id\":\"https:\/\/jassmine.com\/en\/concert\/29-01-mateusz-gaweda-trio\/\",\"url\":\"https:\/\/jassmine.com\/en\/concert\/29-01-mateusz-gaweda-trio\/\",\"name\":\"29\/01: Mateusz Gaw\u0119da Trio [SOLD OUT] - jassmine\",\"isPartOf\":{\"@id\":\"https:\/\/jassmine.com\/en\/#website\"},\"datePublished\":\"2023-01-09T09:58:45+00:00\",\"breadcrumb\":{\"@id\":\"https:\/\/jassmine.com\/en\/concert\/29-01-mateusz-gaweda-trio\/#breadcrumb\"},\"inLanguage\":\"en-US\",\"potentialAction\":[{\"@type\":\"ReadAction\",\"target\":[\"https:\/\/jassmine.com\/en\/concert\/29-01-mateusz-gaweda-trio\/\"]}]},{\"@type\":\"BreadcrumbList\",\"@id\":\"https:\/\/jassmine.com\/en\/concert\/29-01-mateusz-gaweda-trio\/#breadcrumb\",\"itemListElement\":[{\"@type\":\"ListItem\",\"position\":1,\"name\":\"Home\",\"item\":\"https:\/\/jassmine.com\/en\/\"},{\"@type\":\"ListItem\",\"position\":2,\"name\":\"29\/01: Mateusz Gaw\u0119da Trio [SOLD OUT]\"}]},{\"@type\":\"WebSite\",\"@id\":\"https:\/\/jassmine.com\/en\/#website\",\"url\":\"https:\/\/jassmine.com\/en\/\",\"name\":\"jassmine\",\"description\":\"\",\"potentialAction\":[{\"@type\":\"SearchAction\",\"target\":{\"@type\":\"EntryPoint\",\"urlTemplate\":\"https:\/\/jassmine.com\/en\/?s={search_term_string}\"},\"query-input\":{\"@type\":\"PropertyValueSpecification\",\"valueRequired\":true,\"valueName\":\"search_term_string\"}}],\"inLanguage\":\"en-US\"}]}<\/script>\n<!-- \/ Yoast SEO plugin. -->","yoast_head_json":{"title":"29\/01: Mateusz Gaw\u0119da Trio [SOLD OUT] - jassmine","robots":{"index":"index","follow":"follow","max-snippet":"max-snippet:-1","max-image-preview":"max-image-preview:large","max-video-preview":"max-video-preview:-1"},"canonical":"https:\/\/jassmine.com\/en\/concert\/29-01-mateusz-gaweda-trio\/","og_locale":"en_US","og_type":"article","og_title":"29\/01: Mateusz Gaw\u0119da Trio [SOLD OUT] - jassmine","og_description":"Cykl Jazz Po Polsku po kr\u00f3tkiej przerwie powraca do Jassmine! W ramach projektu JAZZ PO POLSKU \u201eWarsaw Live Sessions\u201d odb\u0119dzie si\u0119 50 autorskich koncert\u00f3w czo\u0142\u00f3wki polskiej sceny jazzowej, a tak\u017ce go\u015bci zza granicy. Do wakacji zagraj\u0105 m.in. Pawe\u0142 Kaczmarzyk Trio, Piotr Damasiewicz Into The Roots, Siema Ziemia, a go\u015bciem specjalnym b\u0119dzie legendarny ameryka\u0144ski gitarzysta, Mike [&hellip;]","og_url":"https:\/\/jassmine.com\/en\/concert\/29-01-mateusz-gaweda-trio\/","og_site_name":"jassmine","twitter_card":"summary_large_image","twitter_misc":{"Est. reading time":"1 minute"},"schema":{"@context":"https:\/\/schema.org","@graph":[{"@type":"WebPage","@id":"https:\/\/jassmine.com\/en\/concert\/29-01-mateusz-gaweda-trio\/","url":"https:\/\/jassmine.com\/en\/concert\/29-01-mateusz-gaweda-trio\/","name":"29\/01: Mateusz Gaw\u0119da Trio [SOLD OUT] - jassmine","isPartOf":{"@id":"https:\/\/jassmine.com\/en\/#website"},"datePublished":"2023-01-09T09:58:45+00:00","breadcrumb":{"@id":"https:\/\/jassmine.com\/en\/concert\/29-01-mateusz-gaweda-trio\/#breadcrumb"},"inLanguage":"en-US","potentialAction":[{"@type":"ReadAction","target":["https:\/\/jassmine.com\/en\/concert\/29-01-mateusz-gaweda-trio\/"]}]},{"@type":"BreadcrumbList","@id":"https:\/\/jassmine.com\/en\/concert\/29-01-mateusz-gaweda-trio\/#breadcrumb","itemListElement":[{"@type":"ListItem","position":1,"name":"Home","item":"https:\/\/jassmine.com\/en\/"},{"@type":"ListItem","position":2,"name":"29\/01: Mateusz Gaw\u0119da Trio [SOLD OUT]"}]},{"@type":"WebSite","@id":"https:\/\/jassmine.com\/en\/#website","url":"https:\/\/jassmine.com\/en\/","name":"jassmine","description":"","potentialAction":[{"@type":"SearchAction","target":{"@type":"EntryPoint","urlTemplate":"https:\/\/jassmine.com\/en\/?s={search_term_string}"},"query-input":{"@type":"PropertyValueSpecification","valueRequired":true,"valueName":"search_term_string"}}],"inLanguage":"en-US"}]}},"_links":{"self":[{"href":"https:\/\/jassmine.com\/en\/wp-json\/wp\/v2\/concert\/1701","targetHints":{"allow":["GET"]}}],"collection":[{"href":"https:\/\/jassmine.com\/en\/wp-json\/wp\/v2\/concert"}],"about":[{"href":"https:\/\/jassmine.com\/en\/wp-json\/wp\/v2\/types\/concert"}],"wp:attachment":[{"href":"https:\/\/jassmine.com\/en\/wp-json\/wp\/v2\/media?parent=1701"}],"curies":[{"name":"wp","href":"https:\/\/api.w.org\/{rel}","templated":true}]}}