{"id":1797,"date":"2023-02-03T18:10:26","date_gmt":"2023-02-03T17:10:26","guid":{"rendered":"https:\/\/jassmine.com\/?post_type=events&amp;p=1797"},"modified":"2023-02-03T18:10:26","modified_gmt":"2023-02-03T17:10:26","slug":"6-05-raul-midon","status":"publish","type":"concert","link":"https:\/\/jassmine.com\/en\/concert\/6-05-raul-midon\/","title":{"rendered":"6\/05: Raul Mid\u00f3n"},"content":{"rendered":"\n<p>\u201c&#8230;a one-man band who turns a guitar into an orchestra and his voice into a chorus.\u201d \u2014 The New York Times<\/p>\n\n\n\n<p>Raul Mid\u00f3n jest wybitnym wokalist\u0105, autorem tekst\u00f3w i gitarzyst\u0105, kt\u00f3ry w 2020 roku wyda\u0142 sw\u00f3j jedenasty, bardzo wyczekiwany, album \u201cThe Mirror\u201d.<\/p>\n\n\n\n<p>P\u0142yta w pe\u0142ni wyprodukowana przez Raula, zawiera muzyk\u0119 wibrafonisty Joe Locke\u2019a i pianisty Geralda Claytona, a tak\u017ce dwa utwory m\u00f3wione. \u201eTo wa\u017cne, \u017ceby zaskakiwa\u0107 zar\u00f3wno swoich odbiorc\u00f3w, jak i samego siebie\u201d &#8211; m\u00f3wi. \u201eDorasta\u0142em s\u0142uchaj\u0105c m.in. Gila Scotta-Herona, wi\u0119c zawsze chcia\u0142em w swojej muzyce w jaki\u015b spos\u00f3b do niego nawi\u0105za\u0107. S\u0142uchanie czyich\u015b s\u0142\u00f3w jest bardziej osobiste ni\u017c s\u0142uchanie czyjej\u015b muzyki, co ma sens szczeg\u00f3lnie w przypadku utworu \u201cIf I Could See\u201d, kt\u00f3ry jest dla mnie bardzo intymny\u201d. Nie mo\u017cemy doczeka\u0107 si\u0119 wyst\u0119pu artysty w Jassmine!<\/p>\n\n\n\n<p>Pos\u0142uchaj:<br>\u201eState of Mind\u201d&nbsp;<a href=\"https:\/\/youtu.be\/BTv24sSNXHc?fbclid=IwAR2nSmgskUPRyZAnhPGTG2yiNvrRVcqLoDxSfLIPAWSkGHSLqZVpH6tvsgQ\" target=\"_blank\" rel=\"noreferrer noopener\">https:\/\/youtu.be\/BTv24sSNXHc<\/a><br>\u201eWas It Ever Really Love?\u201d&nbsp;<a href=\"https:\/\/l.facebook.com\/l.php?u=https%3A%2F%2Fyoutu.be%2FpxbkJ9O5QtQ%3Ffbclid%3DIwAR0zin_pXaE2SfKuMHGdIgRP-dCLwcyDvUOHmpI-ewA55rerYewyXifVHZ4&amp;h=AT2K4bD0ZYldPLamTc-CokWlp36fOPeER2enOu8KQUu_rRiDJcS7kP-yASFltxX7y7U1VjhD-syMQ9ogjkpRNBL3VjxIUannfdnT0IfM17RL2hLbPFEdNdXWY9pMge0pSgvc6moxfQ&amp;__tn__=q&amp;c%5b0%5d=AT2OWDhZdeEJ17K9xAtmRLMUWVp_qFmw2YP1K1CcJIWGZ6AVE1JOlkFNoE9X4DfOGlPpJg6qUgYMooynRT40xicV3G0HkfRDcui1_nMDRx5W5VPw_Ck6OyE7GuvTgYp9lFLqB0Yz8tcNwgf1sd1ma4FgPPU9\" target=\"_blank\" rel=\"noreferrer noopener\">https:\/\/youtu.be\/pxbkJ9O5QtQ<\/a><br>\u201cIf You Are Gonna Leave&nbsp;<a href=\"https:\/\/l.facebook.com\/l.php?u=https%3A%2F%2Fyoutu.be%2F6gIjXeJVKkU%3Ffbclid%3DIwAR1ajYyhiOkQFEgBsY1Bp2Yzr_SsoEe5xJ4dChHitvmvl4fVQeAa77GfaOI&amp;h=AT3Gdsq9i542hrq1cJJ2tA2Qa_TvqiuXgHR8NxS1-wWVqSk8aL9lAgUG21O0PP8WtKV2DgKSQ3R08HwYEN39U7YEwjLDNCSfUhYr95Hq4mNmBZQTuDiIB6_7IhSYIsZXsuU2udAh1Q&amp;__tn__=q&amp;c%5b0%5d=AT2OWDhZdeEJ17K9xAtmRLMUWVp_qFmw2YP1K1CcJIWGZ6AVE1JOlkFNoE9X4DfOGlPpJg6qUgYMooynRT40xicV3G0HkfRDcui1_nMDRx5W5VPw_Ck6OyE7GuvTgYp9lFLqB0Yz8tcNwgf1sd1ma4FgPPU9\" target=\"_blank\" rel=\"noreferrer noopener\">https:\/\/youtu.be\/6gIjXeJVKkU<\/a><\/p>\n\n\n\n<p>Drzwi 19:00<br>Koncert 20:30<\/p>\n\n\n\n<p>Nie prowadzimy rezerwacji stolik\u00f3w. Zach\u0119camy do wcze\u015bniejszego przybycia i zaj\u0119cia miejsc.<br>Po wyprzedaniu koncertu nie b\u0119dzie prowadzona sprzeda\u017c na bramce.<\/p>\n\n\n\n<p>Do zobaczenia!<\/p>\n","protected":false},"template":"","meta":{"_acf_changed":false,"inline_featured_image":false},"class_list":["post-1797","concert","type-concert","status-publish","hentry"],"acf":[],"yoast_head":"<!-- This site is optimized with the Yoast SEO plugin v26.4 - https:\/\/yoast.com\/wordpress\/plugins\/seo\/ -->\n<title>6\/05: Raul Mid\u00f3n - jassmine<\/title>\n<meta name=\"robots\" content=\"index, follow, max-snippet:-1, max-image-preview:large, max-video-preview:-1\" \/>\n<link rel=\"canonical\" href=\"https:\/\/jassmine.com\/en\/concert\/6-05-raul-midon\/\" \/>\n<meta property=\"og:locale\" content=\"en_US\" \/>\n<meta property=\"og:type\" content=\"article\" \/>\n<meta property=\"og:title\" content=\"6\/05: Raul Mid\u00f3n - jassmine\" \/>\n<meta property=\"og:description\" content=\"\u201c&#8230;a one-man band who turns a guitar into an orchestra and his voice into a chorus.\u201d \u2014 The New York Times Raul Mid\u00f3n jest wybitnym wokalist\u0105, autorem tekst\u00f3w i gitarzyst\u0105, kt\u00f3ry w 2020 roku wyda\u0142 sw\u00f3j jedenasty, bardzo wyczekiwany, album \u201cThe Mirror\u201d. P\u0142yta w pe\u0142ni wyprodukowana przez Raula, zawiera muzyk\u0119 wibrafonisty Joe Locke\u2019a i pianisty [&hellip;]\" \/>\n<meta property=\"og:url\" content=\"https:\/\/jassmine.com\/en\/concert\/6-05-raul-midon\/\" \/>\n<meta property=\"og:site_name\" content=\"jassmine\" \/>\n<meta name=\"twitter:card\" content=\"summary_large_image\" \/>\n<meta name=\"twitter:label1\" content=\"Est. reading time\" \/>\n\t<meta name=\"twitter:data1\" content=\"1 minute\" \/>\n<script type=\"application\/ld+json\" class=\"yoast-schema-graph\">{\"@context\":\"https:\/\/schema.org\",\"@graph\":[{\"@type\":\"WebPage\",\"@id\":\"https:\/\/jassmine.com\/en\/concert\/6-05-raul-midon\/\",\"url\":\"https:\/\/jassmine.com\/en\/concert\/6-05-raul-midon\/\",\"name\":\"6\/05: Raul Mid\u00f3n - jassmine\",\"isPartOf\":{\"@id\":\"https:\/\/jassmine.com\/en\/#website\"},\"datePublished\":\"2023-02-03T17:10:26+00:00\",\"breadcrumb\":{\"@id\":\"https:\/\/jassmine.com\/en\/concert\/6-05-raul-midon\/#breadcrumb\"},\"inLanguage\":\"en-US\",\"potentialAction\":[{\"@type\":\"ReadAction\",\"target\":[\"https:\/\/jassmine.com\/en\/concert\/6-05-raul-midon\/\"]}]},{\"@type\":\"BreadcrumbList\",\"@id\":\"https:\/\/jassmine.com\/en\/concert\/6-05-raul-midon\/#breadcrumb\",\"itemListElement\":[{\"@type\":\"ListItem\",\"position\":1,\"name\":\"Home\",\"item\":\"https:\/\/jassmine.com\/en\/\"},{\"@type\":\"ListItem\",\"position\":2,\"name\":\"6\/05: Raul Mid\u00f3n\"}]},{\"@type\":\"WebSite\",\"@id\":\"https:\/\/jassmine.com\/en\/#website\",\"url\":\"https:\/\/jassmine.com\/en\/\",\"name\":\"jassmine\",\"description\":\"\",\"potentialAction\":[{\"@type\":\"SearchAction\",\"target\":{\"@type\":\"EntryPoint\",\"urlTemplate\":\"https:\/\/jassmine.com\/en\/?s={search_term_string}\"},\"query-input\":{\"@type\":\"PropertyValueSpecification\",\"valueRequired\":true,\"valueName\":\"search_term_string\"}}],\"inLanguage\":\"en-US\"}]}<\/script>\n<!-- \/ Yoast SEO plugin. -->","yoast_head_json":{"title":"6\/05: Raul Mid\u00f3n - jassmine","robots":{"index":"index","follow":"follow","max-snippet":"max-snippet:-1","max-image-preview":"max-image-preview:large","max-video-preview":"max-video-preview:-1"},"canonical":"https:\/\/jassmine.com\/en\/concert\/6-05-raul-midon\/","og_locale":"en_US","og_type":"article","og_title":"6\/05: Raul Mid\u00f3n - jassmine","og_description":"\u201c&#8230;a one-man band who turns a guitar into an orchestra and his voice into a chorus.\u201d \u2014 The New York Times Raul Mid\u00f3n jest wybitnym wokalist\u0105, autorem tekst\u00f3w i gitarzyst\u0105, kt\u00f3ry w 2020 roku wyda\u0142 sw\u00f3j jedenasty, bardzo wyczekiwany, album \u201cThe Mirror\u201d. P\u0142yta w pe\u0142ni wyprodukowana przez Raula, zawiera muzyk\u0119 wibrafonisty Joe Locke\u2019a i pianisty [&hellip;]","og_url":"https:\/\/jassmine.com\/en\/concert\/6-05-raul-midon\/","og_site_name":"jassmine","twitter_card":"summary_large_image","twitter_misc":{"Est. reading time":"1 minute"},"schema":{"@context":"https:\/\/schema.org","@graph":[{"@type":"WebPage","@id":"https:\/\/jassmine.com\/en\/concert\/6-05-raul-midon\/","url":"https:\/\/jassmine.com\/en\/concert\/6-05-raul-midon\/","name":"6\/05: Raul Mid\u00f3n - jassmine","isPartOf":{"@id":"https:\/\/jassmine.com\/en\/#website"},"datePublished":"2023-02-03T17:10:26+00:00","breadcrumb":{"@id":"https:\/\/jassmine.com\/en\/concert\/6-05-raul-midon\/#breadcrumb"},"inLanguage":"en-US","potentialAction":[{"@type":"ReadAction","target":["https:\/\/jassmine.com\/en\/concert\/6-05-raul-midon\/"]}]},{"@type":"BreadcrumbList","@id":"https:\/\/jassmine.com\/en\/concert\/6-05-raul-midon\/#breadcrumb","itemListElement":[{"@type":"ListItem","position":1,"name":"Home","item":"https:\/\/jassmine.com\/en\/"},{"@type":"ListItem","position":2,"name":"6\/05: Raul Mid\u00f3n"}]},{"@type":"WebSite","@id":"https:\/\/jassmine.com\/en\/#website","url":"https:\/\/jassmine.com\/en\/","name":"jassmine","description":"","potentialAction":[{"@type":"SearchAction","target":{"@type":"EntryPoint","urlTemplate":"https:\/\/jassmine.com\/en\/?s={search_term_string}"},"query-input":{"@type":"PropertyValueSpecification","valueRequired":true,"valueName":"search_term_string"}}],"inLanguage":"en-US"}]}},"_links":{"self":[{"href":"https:\/\/jassmine.com\/en\/wp-json\/wp\/v2\/concert\/1797","targetHints":{"allow":["GET"]}}],"collection":[{"href":"https:\/\/jassmine.com\/en\/wp-json\/wp\/v2\/concert"}],"about":[{"href":"https:\/\/jassmine.com\/en\/wp-json\/wp\/v2\/types\/concert"}],"wp:attachment":[{"href":"https:\/\/jassmine.com\/en\/wp-json\/wp\/v2\/media?parent=1797"}],"curies":[{"name":"wp","href":"https:\/\/api.w.org\/{rel}","templated":true}]}}