{"id":5805,"date":"2024-10-21T22:56:09","date_gmt":"2024-10-21T22:56:09","guid":{"rendered":"https:\/\/jassmine.8080.dev\/concert\/jazz-po-polsku-tiraska-sarnecki-baros-balazs\/"},"modified":"2024-10-22T00:38:58","modified_gmt":"2024-10-22T00:38:58","slug":"jazz-po-polsku-tiraska-sarnecki-baros-balazs","status":"publish","type":"concert","link":"https:\/\/jassmine.com\/en\/concert\/jazz-po-polsku-tiraska-sarnecki-baros-balazs\/","title":{"rendered":"Jazz Po Polsku: Tiraska-Sarnecki-Baros-Balazs"},"content":{"rendered":"\n<div id=\"heading-text-block_6716f2f621546\" class=\"heading-text\">\n\n  <div>\n        <h2 class=\"heading-text__heading font-serif fs-24 lh-1-28 fs-dt-40 lh-1-2\">\u201eVisegrad Jazz Exchange\u201d to inicjatywa maj\u0105ca na celu zawi\u0105zanie wsp\u00f3\u0142pracy artystycznej pomi\u0119dzy muzykami kraj\u00f3w Grupy Wyszehradzkiej. W sk\u0142ad zespo\u0142u, powo\u0142anego specjalnie na t\u0119 okazj\u0119, weszli uznani muzycy: Radovan Tari\u0161ka (saksofon, S\u0142owacja), Rafa\u0142 Sarnecki (gitara, Polska), Tomas Baro\u0161 (kontrabas, Czechy) oraz Balazs B\u00e1gyi (perkusja, W\u0119gry). W ramach projektu w 2024 odb\u0119dzie si\u0119 16 koncert\u00f3w, po 4 ka\u017cdym kraju, w tym koncert 17 listopada w JASSMINE.<\/h2>\n      <\/div>\n\n  <div>\n        <div class=\"heading-text__content fs-20 ls-0-4 lh-1-4\">\n      <p>W ramach projektu JAZZ PO POLSKU \u201eWarsaw Live Sessions\u201d odb\u0119d\u0105 si\u0119 kolejne autorskie koncerty czo\u0142\u00f3wki polskiej sceny jazzowej, a tak\u017ce go\u015bci z zagranicy.<\/p>\n<p><strong>Radovan Tari\u0161ka (saksofon, S\u0142owacja)\u00a0<\/strong>absolwent Berklee College of Music w Bostonie. W 2006 r. Wyda\u0142 swoj\u0105 debiutanck\u0105 p\u0142yt\u0119 \u201eElements\u201d nominowana do nagrody jazzowej \u201eAurel\u201d w kategorii najlepsza jazzowa p\u0142yta roku. W 2007 roku wyprodukowa\u0142 debiutancki album wielokrotnie nagradzanej wokalistki jazzowej Hanka G, kt\u00f3ra mieszka i wyst\u0119puje w Nowym Jorku, zatytu\u0142owany \u201eReflections of My Soul\u201d. W tym samym roku za\u0142o\u017cy\u0142 w\u0142asny zesp\u00f3\u0142 \u201eRadovan Tariska Sextet\u201d z mi\u0119dzynarodowymi muzykami w sk\u0142adzie, z kt\u00f3rymi i koncertowa\u0142 na ca\u0142ym \u015bwiecie. W 2012 roku wyda\u0142 drugi album \u201eFolklore to Jazz\u201d, b\u0119d\u0105cy ho\u0142dem dla s\u0142owackiej muzyki ludowej w aran\u017cacji jazzowej. Jednym z jego najnowszych projekt\u00f3w jest za\u0142o\u017cony w 2017 roku \u201eRadio Band\u201d.<\/p>\n<p><strong>Rafa\u0142 Sarnecki (gitara, Polska)<\/strong>\u00a0gitarzysta, kompozytor, jako lider grupy wyst\u0119powa\u0142 na festiwalach i klubach jazzowych na ca\u0142ym \u015bwiecie m.in. Chinach, Korei P\u0142d, Izraelu, Malezji, Chile oraz wschodnim i zachodnim wybrze\u017cu USA. Nagra\u0142 pi\u0119\u0107 autorskich p\u0142yt, z kt\u00f3rych pierwsza \u201eSong From a New Place\u201d (2008, ARMS) i trzecia \u201eCat\u2019s Dream\u201d (2014, Brooklyn Underground) by\u0142y nominowane do nagrody Fryderyk. Druga, \u201eThe Madman Rambles Again\u201d zosta\u0142a wydana przez oficyn\u0119 Fresh Sound New Talent i umieszczona przez presti\u017cowy ameryka\u0144sk\u0105 redakcj\u0119 \u201eAll About Jazz\u201d po\u015br\u00f3d 12 najciekawszych album\u00f3w 2011 r. W 2023 r. ukaza\u0142a si\u0119 najnowsza p\u0142yta kwintetu Sarneckiego zatytu\u0142owana \u201eA View From The Treetop\u201d.<\/p>\n<p><strong>Tomas Baro\u0161 (kontrabas, Czechy)<\/strong>\u00a0urodzi\u0142 si\u0119 w 1985 roku w Teplicach, ale od pi\u0105tego roku \u017cycia mieszka w Pradze. W wieku sze\u015bciu lat zacz\u0105\u0142 gra\u0107 na fortepianie. W wieku dwunastu lat zacz\u0105\u0142 gra\u0107 na kontrabasie, ucz\u0105c si\u0119 od cz\u0142onk\u00f3w czeskiej orkiestry filharmonicznej, Pavla Nejtka, Jiriego Valenty, a p\u00f3\u017aniej Antona Masnicy. W 1999 roku wygra\u0142 og\u00f3lnokrajowy konkurs klasyczny w Trutnovie w swojej kategorii.\u00a0W wieku czternastu lat gra\u0142 ju\u017c w zespole swojego ojca, kwartecie Juliusa Barosa, w praskich klubach jazzowych oraz z czo\u0142owymi muzykami jazzowymi sceny czeskiej i s\u0142owackiej. W 2003 roku otrzyma\u0142 tytu\u0142 \u201eSolisty roku\u201d na mi\u0119dzynarodowym festiwalu Junior Jazz w Usti nad Labem. Jako sideman nagra\u0142 oko\u0142o 40 p\u0142yt i podr\u00f3\u017cowa\u0142 po ca\u0142ej Europie, gdzie wyst\u0119powa\u0142 na wielu presti\u017cowych festiwalach.<\/p>\n<p><strong>Balazs B\u00e1gy (perkusja, W\u0119gry)<\/strong>\u00a0Perkusista jazzowy, kompozytor i pedagog muzyczny, uko\u0144czy\u0142 z wyr\u00f3\u017cnieniem Wydzia\u0142 Jazzu Akademii Muzycznej im. Franza Liszta w 1998 roku. Jest jedn\u0105 z kluczowych postaci w\u0119gierskiej sceny jazzowej. Obecnie wsp\u00f3\u0142pracuje z wieloma artystami na ca\u0142ym \u015bwiecie, bior\u0105c udzia\u0142 w przer\u00f3\u017cnych projektach muzycznych. Wyst\u0119powa\u0142 w ponad 30 krajach na \u015bwiecie, w tym regularnie w USA. Jest jedynym w\u0119gierskim muzykiem jazzowym, kt\u00f3ry regularnie koncertuje w Chinach. Opr\u00f3cz pracy z w\u0119gierskimi mistrzami jazzu, mo\u017ce si\u0119 tak\u017ce pochwali\u0107 wsp\u00f3\u0142prac\u0105 z wieloma ameryka\u0144skimi muzykami, takimi jak Chuck Israels, by\u0142y basista \u201eBill Evans Trio\u201d od 2007 roku dzia\u0142aj\u0105cy w zespole Eastern Boundary Quartet.<\/p>\n    <\/div>\n      <\/div>\n\n<\/div>\n\n<div id=\"asset-block_6716f2f621614\" class=\"asset-block\">\n\n  \n<figure\n  class=\"asset asset-block__asset\"\n  data-asset\n    >\n\n  \n<\/figure>\n\n<\/div>\n\n<section id=\"band-block_6716f2f62164b\" class=\"band font-sans-title fs-20 lh-1-4 ls-0-4 fs-dt-32 lh-dt-1-04 ls-dt-0\">\n\n  <div class=\"band__column band__column--title\">\n      <p class=\"band__title\">The band<\/p>\n    <\/div>\n\n  <div class=\"band__column band__column--band\">\n  \n    <ul class=\"unstyled-list band__list\">\n      \n      <li class=\"band__item\">\n\n        <span class=\"band__name\">Radovan Tiraska<\/span>\n                <span class=\"band__description fs-12 lh-1-12 fs-dt-20 lh-dt-1-4 ls-dt-0-4\">saxophone<\/span>\n        \n      <\/li>\n\n      \n      <li class=\"band__item\">\n\n        <span class=\"band__name\">Rafa\u0142 Sarnecki<\/span>\n                <span class=\"band__description fs-12 lh-1-12 fs-dt-20 lh-dt-1-4 ls-dt-0-4\">guitar<\/span>\n        \n      <\/li>\n\n      \n      <li class=\"band__item\">\n\n        <span class=\"band__name\">Tomas Baros <\/span>\n                <span class=\"band__description fs-12 lh-1-12 fs-dt-20 lh-dt-1-4 ls-dt-0-4\">double bass<\/span>\n        \n      <\/li>\n\n      \n      <li class=\"band__item\">\n\n        <span class=\"band__name\">Balazs Bagyi<\/span>\n                <span class=\"band__description fs-12 lh-1-12 fs-dt-20 lh-dt-1-4 ls-dt-0-4\">drums <\/span>\n        \n      <\/li>\n\n      \n    <\/ul>\n\n    <\/div>\n\n<\/section>\n\n<figure class=\"wp-block-embed is-type-video is-provider-youtube wp-block-embed-youtube wp-embed-aspect-16-9 wp-has-aspect-ratio\"><div class=\"wp-block-embed__wrapper\">\r\n<iframe loading=\"lazy\" title=\"VISEGRAD JAZZ EXCHANGE [official trailer]\" width=\"500\" height=\"281\" src=\"https:\/\/www.youtube.com\/embed\/Dbm-ggtV2Jk?feature=oembed\" frameborder=\"0\" allow=\"accelerometer; autoplay; clipboard-write; encrypted-media; gyroscope; picture-in-picture; web-share\" referrerpolicy=\"strict-origin-when-cross-origin\" allowfullscreen><\/iframe>\r\n<\/div><\/figure>\r\n\n<section id=\"apple-embed-block_6716f2f621673\" class=\"apple-embed\">\n  0<\/section>\n\n<section id=\"concert-info-block_6716f2f62332e\" class=\"concert-info\">\n\n  <div class=\"concert-info__column concert-info__column--info fs-20 lh-1-4 ls-0-4 fs-dt-32 lh-dt-1-04 ls-dt-0\">\n      <p class=\"concert-info__info\">Door 19:00<br \/>\r\nConcert 20:30<\/p>\n    <\/div>\n\n  <div class=\"concert-info__column concert-info__column--additional fs-20 lh-1-4 ls-0-4\">\n      <p class=\"concert-info__additional\">We do not take table reservations. <br \/>\r\nWe encourage you to arrive early and secure a spot. <br \/>\r\nThe event is co-financed by the funds of the Capital City of Warsaw.<\/p>\n    <\/div>\n\n<\/section>\n","protected":false},"template":"","meta":{"_acf_changed":false,"inline_featured_image":false},"class_list":["post-5805","concert","type-concert","status-publish","hentry"],"acf":[],"yoast_head":"<!-- This site is optimized with the Yoast SEO plugin v26.4 - https:\/\/yoast.com\/wordpress\/plugins\/seo\/ -->\n<title>Jazz Po Polsku: Tiraska-Sarnecki-Baros-Balazs - jassmine<\/title>\n<meta name=\"robots\" content=\"index, follow, max-snippet:-1, max-image-preview:large, max-video-preview:-1\" \/>\n<link rel=\"canonical\" href=\"https:\/\/jassmine.com\/en\/concert\/jazz-po-polsku-tiraska-sarnecki-baros-balazs\/\" \/>\n<meta property=\"og:locale\" content=\"en_US\" \/>\n<meta property=\"og:type\" content=\"article\" \/>\n<meta property=\"og:title\" content=\"Jazz Po Polsku: Tiraska-Sarnecki-Baros-Balazs - jassmine\" \/>\n<meta property=\"og:url\" content=\"https:\/\/jassmine.com\/en\/concert\/jazz-po-polsku-tiraska-sarnecki-baros-balazs\/\" \/>\n<meta property=\"og:site_name\" content=\"jassmine\" \/>\n<meta property=\"article:modified_time\" content=\"2024-10-22T00:38:58+00:00\" \/>\n<meta name=\"twitter:card\" content=\"summary_large_image\" \/>\n<script type=\"application\/ld+json\" class=\"yoast-schema-graph\">{\"@context\":\"https:\/\/schema.org\",\"@graph\":[{\"@type\":\"WebPage\",\"@id\":\"https:\/\/jassmine.com\/en\/concert\/jazz-po-polsku-tiraska-sarnecki-baros-balazs\/\",\"url\":\"https:\/\/jassmine.com\/en\/concert\/jazz-po-polsku-tiraska-sarnecki-baros-balazs\/\",\"name\":\"Jazz Po Polsku: Tiraska-Sarnecki-Baros-Balazs - jassmine\",\"isPartOf\":{\"@id\":\"https:\/\/jassmine.com\/en\/#website\"},\"datePublished\":\"2024-10-21T22:56:09+00:00\",\"dateModified\":\"2024-10-22T00:38:58+00:00\",\"breadcrumb\":{\"@id\":\"https:\/\/jassmine.com\/en\/concert\/jazz-po-polsku-tiraska-sarnecki-baros-balazs\/#breadcrumb\"},\"inLanguage\":\"en-US\",\"potentialAction\":[{\"@type\":\"ReadAction\",\"target\":[\"https:\/\/jassmine.com\/en\/concert\/jazz-po-polsku-tiraska-sarnecki-baros-balazs\/\"]}]},{\"@type\":\"BreadcrumbList\",\"@id\":\"https:\/\/jassmine.com\/en\/concert\/jazz-po-polsku-tiraska-sarnecki-baros-balazs\/#breadcrumb\",\"itemListElement\":[{\"@type\":\"ListItem\",\"position\":1,\"name\":\"Home\",\"item\":\"https:\/\/jassmine.com\/en\/\"},{\"@type\":\"ListItem\",\"position\":2,\"name\":\"Jazz Po Polsku: Tiraska-Sarnecki-Baros-Balazs\"}]},{\"@type\":\"WebSite\",\"@id\":\"https:\/\/jassmine.com\/en\/#website\",\"url\":\"https:\/\/jassmine.com\/en\/\",\"name\":\"jassmine\",\"description\":\"\",\"potentialAction\":[{\"@type\":\"SearchAction\",\"target\":{\"@type\":\"EntryPoint\",\"urlTemplate\":\"https:\/\/jassmine.com\/en\/?s={search_term_string}\"},\"query-input\":{\"@type\":\"PropertyValueSpecification\",\"valueRequired\":true,\"valueName\":\"search_term_string\"}}],\"inLanguage\":\"en-US\"}]}<\/script>\n<!-- \/ Yoast SEO plugin. -->","yoast_head_json":{"title":"Jazz Po Polsku: Tiraska-Sarnecki-Baros-Balazs - jassmine","robots":{"index":"index","follow":"follow","max-snippet":"max-snippet:-1","max-image-preview":"max-image-preview:large","max-video-preview":"max-video-preview:-1"},"canonical":"https:\/\/jassmine.com\/en\/concert\/jazz-po-polsku-tiraska-sarnecki-baros-balazs\/","og_locale":"en_US","og_type":"article","og_title":"Jazz Po Polsku: Tiraska-Sarnecki-Baros-Balazs - jassmine","og_url":"https:\/\/jassmine.com\/en\/concert\/jazz-po-polsku-tiraska-sarnecki-baros-balazs\/","og_site_name":"jassmine","article_modified_time":"2024-10-22T00:38:58+00:00","twitter_card":"summary_large_image","schema":{"@context":"https:\/\/schema.org","@graph":[{"@type":"WebPage","@id":"https:\/\/jassmine.com\/en\/concert\/jazz-po-polsku-tiraska-sarnecki-baros-balazs\/","url":"https:\/\/jassmine.com\/en\/concert\/jazz-po-polsku-tiraska-sarnecki-baros-balazs\/","name":"Jazz Po Polsku: Tiraska-Sarnecki-Baros-Balazs - jassmine","isPartOf":{"@id":"https:\/\/jassmine.com\/en\/#website"},"datePublished":"2024-10-21T22:56:09+00:00","dateModified":"2024-10-22T00:38:58+00:00","breadcrumb":{"@id":"https:\/\/jassmine.com\/en\/concert\/jazz-po-polsku-tiraska-sarnecki-baros-balazs\/#breadcrumb"},"inLanguage":"en-US","potentialAction":[{"@type":"ReadAction","target":["https:\/\/jassmine.com\/en\/concert\/jazz-po-polsku-tiraska-sarnecki-baros-balazs\/"]}]},{"@type":"BreadcrumbList","@id":"https:\/\/jassmine.com\/en\/concert\/jazz-po-polsku-tiraska-sarnecki-baros-balazs\/#breadcrumb","itemListElement":[{"@type":"ListItem","position":1,"name":"Home","item":"https:\/\/jassmine.com\/en\/"},{"@type":"ListItem","position":2,"name":"Jazz Po Polsku: Tiraska-Sarnecki-Baros-Balazs"}]},{"@type":"WebSite","@id":"https:\/\/jassmine.com\/en\/#website","url":"https:\/\/jassmine.com\/en\/","name":"jassmine","description":"","potentialAction":[{"@type":"SearchAction","target":{"@type":"EntryPoint","urlTemplate":"https:\/\/jassmine.com\/en\/?s={search_term_string}"},"query-input":{"@type":"PropertyValueSpecification","valueRequired":true,"valueName":"search_term_string"}}],"inLanguage":"en-US"}]}},"_links":{"self":[{"href":"https:\/\/jassmine.com\/en\/wp-json\/wp\/v2\/concert\/5805","targetHints":{"allow":["GET"]}}],"collection":[{"href":"https:\/\/jassmine.com\/en\/wp-json\/wp\/v2\/concert"}],"about":[{"href":"https:\/\/jassmine.com\/en\/wp-json\/wp\/v2\/types\/concert"}],"wp:attachment":[{"href":"https:\/\/jassmine.com\/en\/wp-json\/wp\/v2\/media?parent=5805"}],"curies":[{"name":"wp","href":"https:\/\/api.w.org\/{rel}","templated":true}]}}