{"id":7577,"date":"2025-04-24T09:20:35","date_gmt":"2025-04-24T09:20:35","guid":{"rendered":"https:\/\/jassmine.com\/concert\/jerzy-malek-pashmina-premiere-concert\/"},"modified":"2025-04-25T09:51:55","modified_gmt":"2025-04-25T09:51:55","slug":"jerzy-malek-pashmina-premiere-concert","status":"publish","type":"concert","link":"https:\/\/jassmine.com\/en\/concert\/jerzy-malek-pashmina-premiere-concert\/","title":{"rendered":"Jerzy Ma\u0142ek: Pashmina. Premiere concert"},"content":{"rendered":"\n<div id=\"heading-text-block_680b5b0a187eb\" class=\"heading-text\">\n\n  <div>\n        <h2 class=\"heading-text__heading font-serif fs-24 lh-1-28 fs-dt-40 lh-1-2\">Pashmina to autorski projekt, kt\u00f3ry w ca\u0142ym dorobku muzycznym Jerzego jest projektem absolutnie wyj\u0105tkowym. To unikatowe po\u0142\u0105czenie brzmienia tr\u0105bki z magnetycznym g\u0142osem wokalistki Magdaleny Zawartko.<\/h2>\n      <\/div>\n\n  <div>\n        <div class=\"heading-text__content fs-20 ls-0-4 lh-1-4\">\n      <div class=\"x11i5rnm xat24cr x1mh8g0r x1vvkbs xtlvy1s\">Muzyka w Pashminie to fuzja wielu gatunk\u00f3w muzycznych, oscyluj\u0105cych wok\u00f3\u0142 brzmienia jazzu, po\u0142\u0105czonych ze sob\u0105 tajemnic\u0105 improwizacji. Styl muzyki mo\u017cna postrzega\u0107 wielopoziomowo, poprzez analogi\u0119 z muzyk\u0105 mistrz\u00f3w, pocz\u0105wszy od ery swingu, a\u017c po eksperymenty z zakresu idiomu muzyki wsp\u00f3\u0142czesnej.<\/div>\n<div class=\"x11i5rnm xat24cr x1mh8g0r x1vvkbs xtlvy1s\">Wymiar poetycki projektu Pashmina ma wieloraki kontekst, co daje mo\u017cliwo\u015b\u0107 indywidualnej interpretacji tre\u015bci przez odbiorc\u0119, niekoniecznie bezpo\u015brednio zwi\u0105zanej z tekstem.<\/div>\n<div class=\"x11i5rnm xat24cr x1mh8g0r x1vvkbs xtlvy1s\">Pashmina to metafizyczna podr\u00f3\u017c do serca naszej wyobra\u017ani oraz wra\u017cliwo\u015bci.<\/div>\n    <\/div>\n      <\/div>\n\n<\/div>\n\n<div id=\"asset-block_680b5b0a18822\" class=\"asset-block\">\n\n  \n<figure\n  class=\"asset asset-block__asset\"\n  data-asset\n    >\n\n  <img decoding=\"async\" width=\"2560\" height=\"1707\" src=\"https:\/\/jassmine.com\/wp-content\/uploads\/2025\/04\/4N0A4722-2-scaled.jpg\" class=\"asset__image dt-only\" alt=\"\" loading=\"lazy\" srcset=\"https:\/\/jassmine.com\/wp-content\/uploads\/2025\/04\/4N0A4722-2-scaled.jpg 2560w, https:\/\/jassmine.com\/wp-content\/uploads\/2025\/04\/4N0A4722-2-960x640.jpg 960w, https:\/\/jassmine.com\/wp-content\/uploads\/2025\/04\/4N0A4722-2-1280x853.jpg 1280w, https:\/\/jassmine.com\/wp-content\/uploads\/2025\/04\/4N0A4722-2-540x360.jpg 540w, https:\/\/jassmine.com\/wp-content\/uploads\/2025\/04\/4N0A4722-2-768x512.jpg 768w, https:\/\/jassmine.com\/wp-content\/uploads\/2025\/04\/4N0A4722-2-1536x1024.jpg 1536w, https:\/\/jassmine.com\/wp-content\/uploads\/2025\/04\/4N0A4722-2-2048x1366.jpg 2048w\" sizes=\"auto, (max-width: 2560px) 100vw, 2560px\" \/><img decoding=\"async\" width=\"2560\" height=\"1707\" src=\"https:\/\/jassmine.com\/wp-content\/uploads\/2025\/04\/4N0A4722-2-scaled.jpg\" class=\"asset__image asset__image--mob mob-only\" alt=\"\" loading=\"lazy\" srcset=\"https:\/\/jassmine.com\/wp-content\/uploads\/2025\/04\/4N0A4722-2-scaled.jpg 2560w, https:\/\/jassmine.com\/wp-content\/uploads\/2025\/04\/4N0A4722-2-960x640.jpg 960w, https:\/\/jassmine.com\/wp-content\/uploads\/2025\/04\/4N0A4722-2-1280x853.jpg 1280w, https:\/\/jassmine.com\/wp-content\/uploads\/2025\/04\/4N0A4722-2-540x360.jpg 540w, https:\/\/jassmine.com\/wp-content\/uploads\/2025\/04\/4N0A4722-2-768x512.jpg 768w, https:\/\/jassmine.com\/wp-content\/uploads\/2025\/04\/4N0A4722-2-1536x1024.jpg 1536w, https:\/\/jassmine.com\/wp-content\/uploads\/2025\/04\/4N0A4722-2-2048x1366.jpg 2048w\" sizes=\"auto, (max-width: 2560px) 100vw, 2560px\" \/>\n<\/figure>\n\n<\/div>\n\n<section id=\"band-block_680b5b0a18848\" class=\"band font-sans-title fs-20 lh-1-4 ls-0-4 fs-dt-32 lh-dt-1-04 ls-dt-0\">\n\n  <div class=\"band__column band__column--title\">\n      <p class=\"band__title\">The band<\/p>\n    <\/div>\n\n  <div class=\"band__column band__column--band\">\n  \n    <ul class=\"unstyled-list band__list\">\n      \n      <li class=\"band__item\">\n\n        <span class=\"band__name\">Jerzy Ma\u0142ek<\/span>\n                <span class=\"band__description fs-12 lh-1-12 fs-dt-20 lh-dt-1-4 ls-dt-0-4\">tr\u0105bka<\/span>\n        \n      <\/li>\n\n      \n      <li class=\"band__item\">\n\n        <span class=\"band__name\">Magdalena Zawartko<\/span>\n                <span class=\"band__description fs-12 lh-1-12 fs-dt-20 lh-dt-1-4 ls-dt-0-4\">wokal<\/span>\n        \n      <\/li>\n\n      \n      <li class=\"band__item\">\n\n        <span class=\"band__name\">Mateusz Pa\u0142ka<\/span>\n                <span class=\"band__description fs-12 lh-1-12 fs-dt-20 lh-dt-1-4 ls-dt-0-4\">fortepian<\/span>\n        \n      <\/li>\n\n      \n      <li class=\"band__item\">\n\n        <span class=\"band__name\">Grzegorz Piasecki<\/span>\n                <span class=\"band__description fs-12 lh-1-12 fs-dt-20 lh-dt-1-4 ls-dt-0-4\">bass programing<\/span>\n        \n      <\/li>\n\n      \n      <li class=\"band__item\">\n\n        <span class=\"band__name\">Jose Manolo Alban Juarez<\/span>\n                <span class=\"band__description fs-12 lh-1-12 fs-dt-20 lh-dt-1-4 ls-dt-0-4\">perkusja<\/span>\n        \n      <\/li>\n\n      \n    <\/ul>\n\n    <\/div>\n\n<\/section>\n\n<section id=\"apple-embed-block_680b5b0a1885a\" class=\"apple-embed\">\n  0<\/section>\n\n<section id=\"concert-info-block_680b5b0a1a37f\" class=\"concert-info\">\n\n  <div class=\"concert-info__column concert-info__column--info fs-20 lh-1-4 ls-0-4 fs-dt-32 lh-dt-1-04 ls-dt-0\">\n      <p class=\"concert-info__info\">Door 19:00<br \/>\r\nConcert 20:30<\/p>\n    <\/div>\n\n  <div class=\"concert-info__column concert-info__column--additional fs-20 lh-1-4 ls-0-4\">\n      <p class=\"concert-info__additional\">External organizer.<br \/>\r\nWe do not take table reservations.<br \/>\r\nWe encourage you to arrive early and secure your seats.<\/p>\n    <\/div>\n\n<\/section>\n","protected":false},"template":"","meta":{"_acf_changed":false,"inline_featured_image":false},"class_list":["post-7577","concert","type-concert","status-publish","hentry"],"acf":[],"yoast_head":"<!-- This site is optimized with the Yoast SEO plugin v26.4 - https:\/\/yoast.com\/wordpress\/plugins\/seo\/ -->\n<title>Jerzy Ma\u0142ek: Pashmina. Premiere concert - jassmine<\/title>\n<meta name=\"robots\" content=\"index, follow, max-snippet:-1, max-image-preview:large, max-video-preview:-1\" \/>\n<link rel=\"canonical\" href=\"https:\/\/jassmine.com\/en\/concert\/jerzy-malek-pashmina-premiere-concert\/\" \/>\n<meta property=\"og:locale\" content=\"en_US\" \/>\n<meta property=\"og:type\" content=\"article\" \/>\n<meta property=\"og:title\" content=\"Jerzy Ma\u0142ek: Pashmina. Premiere concert - jassmine\" \/>\n<meta property=\"og:url\" content=\"https:\/\/jassmine.com\/en\/concert\/jerzy-malek-pashmina-premiere-concert\/\" \/>\n<meta property=\"og:site_name\" content=\"jassmine\" \/>\n<meta property=\"article:modified_time\" content=\"2025-04-25T09:51:55+00:00\" \/>\n<meta name=\"twitter:card\" content=\"summary_large_image\" \/>\n<script type=\"application\/ld+json\" class=\"yoast-schema-graph\">{\"@context\":\"https:\/\/schema.org\",\"@graph\":[{\"@type\":\"WebPage\",\"@id\":\"https:\/\/jassmine.com\/en\/concert\/jerzy-malek-pashmina-premiere-concert\/\",\"url\":\"https:\/\/jassmine.com\/en\/concert\/jerzy-malek-pashmina-premiere-concert\/\",\"name\":\"Jerzy Ma\u0142ek: Pashmina. Premiere concert - jassmine\",\"isPartOf\":{\"@id\":\"https:\/\/jassmine.com\/en\/#website\"},\"datePublished\":\"2025-04-24T09:20:35+00:00\",\"dateModified\":\"2025-04-25T09:51:55+00:00\",\"breadcrumb\":{\"@id\":\"https:\/\/jassmine.com\/en\/concert\/jerzy-malek-pashmina-premiere-concert\/#breadcrumb\"},\"inLanguage\":\"en-US\",\"potentialAction\":[{\"@type\":\"ReadAction\",\"target\":[\"https:\/\/jassmine.com\/en\/concert\/jerzy-malek-pashmina-premiere-concert\/\"]}]},{\"@type\":\"BreadcrumbList\",\"@id\":\"https:\/\/jassmine.com\/en\/concert\/jerzy-malek-pashmina-premiere-concert\/#breadcrumb\",\"itemListElement\":[{\"@type\":\"ListItem\",\"position\":1,\"name\":\"Home\",\"item\":\"https:\/\/jassmine.com\/en\/\"},{\"@type\":\"ListItem\",\"position\":2,\"name\":\"Jerzy Ma\u0142ek: Pashmina. Premiere concert\"}]},{\"@type\":\"WebSite\",\"@id\":\"https:\/\/jassmine.com\/en\/#website\",\"url\":\"https:\/\/jassmine.com\/en\/\",\"name\":\"jassmine\",\"description\":\"\",\"potentialAction\":[{\"@type\":\"SearchAction\",\"target\":{\"@type\":\"EntryPoint\",\"urlTemplate\":\"https:\/\/jassmine.com\/en\/?s={search_term_string}\"},\"query-input\":{\"@type\":\"PropertyValueSpecification\",\"valueRequired\":true,\"valueName\":\"search_term_string\"}}],\"inLanguage\":\"en-US\"}]}<\/script>\n<!-- \/ Yoast SEO plugin. -->","yoast_head_json":{"title":"Jerzy Ma\u0142ek: Pashmina. Premiere concert - jassmine","robots":{"index":"index","follow":"follow","max-snippet":"max-snippet:-1","max-image-preview":"max-image-preview:large","max-video-preview":"max-video-preview:-1"},"canonical":"https:\/\/jassmine.com\/en\/concert\/jerzy-malek-pashmina-premiere-concert\/","og_locale":"en_US","og_type":"article","og_title":"Jerzy Ma\u0142ek: Pashmina. Premiere concert - jassmine","og_url":"https:\/\/jassmine.com\/en\/concert\/jerzy-malek-pashmina-premiere-concert\/","og_site_name":"jassmine","article_modified_time":"2025-04-25T09:51:55+00:00","twitter_card":"summary_large_image","schema":{"@context":"https:\/\/schema.org","@graph":[{"@type":"WebPage","@id":"https:\/\/jassmine.com\/en\/concert\/jerzy-malek-pashmina-premiere-concert\/","url":"https:\/\/jassmine.com\/en\/concert\/jerzy-malek-pashmina-premiere-concert\/","name":"Jerzy Ma\u0142ek: Pashmina. Premiere concert - jassmine","isPartOf":{"@id":"https:\/\/jassmine.com\/en\/#website"},"datePublished":"2025-04-24T09:20:35+00:00","dateModified":"2025-04-25T09:51:55+00:00","breadcrumb":{"@id":"https:\/\/jassmine.com\/en\/concert\/jerzy-malek-pashmina-premiere-concert\/#breadcrumb"},"inLanguage":"en-US","potentialAction":[{"@type":"ReadAction","target":["https:\/\/jassmine.com\/en\/concert\/jerzy-malek-pashmina-premiere-concert\/"]}]},{"@type":"BreadcrumbList","@id":"https:\/\/jassmine.com\/en\/concert\/jerzy-malek-pashmina-premiere-concert\/#breadcrumb","itemListElement":[{"@type":"ListItem","position":1,"name":"Home","item":"https:\/\/jassmine.com\/en\/"},{"@type":"ListItem","position":2,"name":"Jerzy Ma\u0142ek: Pashmina. Premiere concert"}]},{"@type":"WebSite","@id":"https:\/\/jassmine.com\/en\/#website","url":"https:\/\/jassmine.com\/en\/","name":"jassmine","description":"","potentialAction":[{"@type":"SearchAction","target":{"@type":"EntryPoint","urlTemplate":"https:\/\/jassmine.com\/en\/?s={search_term_string}"},"query-input":{"@type":"PropertyValueSpecification","valueRequired":true,"valueName":"search_term_string"}}],"inLanguage":"en-US"}]}},"_links":{"self":[{"href":"https:\/\/jassmine.com\/en\/wp-json\/wp\/v2\/concert\/7577","targetHints":{"allow":["GET"]}}],"collection":[{"href":"https:\/\/jassmine.com\/en\/wp-json\/wp\/v2\/concert"}],"about":[{"href":"https:\/\/jassmine.com\/en\/wp-json\/wp\/v2\/types\/concert"}],"wp:attachment":[{"href":"https:\/\/jassmine.com\/en\/wp-json\/wp\/v2\/media?parent=7577"}],"curies":[{"name":"wp","href":"https:\/\/api.w.org\/{rel}","templated":true}]}}