{"id":8625,"date":"2025-09-03T13:17:23","date_gmt":"2025-09-03T13:17:23","guid":{"rendered":"https:\/\/jassmine.com\/concert\/festiwal-jazz-po-polsku-herak-bulatkin-elysium-luname-piotr-wylezol-international-trio\/"},"modified":"2025-09-05T17:57:35","modified_gmt":"2025-09-05T17:57:35","slug":"festiwal-jazz-po-polsku-herak-bulatkin-elysium-luname-piotr-wylezol-international-trio","status":"publish","type":"concert","link":"https:\/\/jassmine.com\/en\/concert\/festiwal-jazz-po-polsku-herak-bulatkin-elysium-luname-piotr-wylezol-international-trio\/","title":{"rendered":"Festiwal JAZZ PO POLSKU: Herak \/ Bulatkin \u201eElysium\u201d \/ Lunam\u00eb \/ Piotr Wyle\u017co\u0142 International Trio"},"content":{"rendered":"\n<div id=\"heading-text-block_68b840fb478a4\" class=\"heading-text\">\n\n  <div>\n        <h2 class=\"heading-text__heading font-serif fs-24 lh-1-28 fs-dt-40 lh-1-2\">19 i 26 pa\u017adziernika w Jassmine odb\u0119dzie si\u0119 druga ods\u0142ona Festiwalu JAZZ PO POLSKU. Zagraj\u0105 polscy wykonawcy &#8211; Andrzej \u015awi\u0119s Trio, Piotr Wyle\u017co\u0142 Trio, Adam Jarzmik Quintet i Lunam\u00eb oraz zagraniczni go\u015bcie &#8211; Vincent Meissner Trio z Niemiec i mi\u0119dzynarodowy sk\u0142ad Herak \/ Bulatkin \u201eElysium\u201d, kt\u00f3remu towarzyszy\u0107 b\u0119dzie saksofonista Jakub \u0141\u0119pa. Wydarzenie uzupe\u0142ni\u0105 pokaz filmu oraz warsztaty.<\/h2>\n      <\/div>\n\n  <div>\n        <div class=\"heading-text__content fs-20 ls-0-4 lh-1-4\">\n      <p><span style=\"font-weight: 400;\">Pierwszego dnia festiwalu zaprezentuj\u0105 si\u0119 trzy zespo\u0142y: Herak \/ Bulatkin \u201eElysium\u201d z go\u015bcinym udzia\u0142em Jakuba \u0141\u0119py, Lunam\u00eb oraz Piotr Wyle\u017co\u0142 Trio. Wiecz\u00f3r otworzy o godzinie 18:00 pokaz pe\u0142nometra\u017cowego filmu JAZZ PO POLSKU \u201eDooko\u0142a \u015awiata\u201d.<\/span><\/p>\n<p><span style=\"font-weight: 400;\">19.10.2025 dzie\u0144 1<\/span><\/p>\n<p><span style=\"font-weight: 400;\">18:00 pokaz filmu JAZZ PO POLSKU \u201eDooko\u0142a \u015awiata\u201d <\/span><span style=\"font-weight: 400;\">w re\u017cyserii Macieja G\u0142owi\u0144skiego<br \/>\n<\/span><span style=\"font-weight: 400;\">19:30 Herak \/ Bulatkin \u201eElysium\u201d feat. Jakub \u0141\u0119pa<br \/>\n<\/span><span style=\"font-weight: 400;\">Miro Herak (S\u0142owacja) &#8211; wibrafon, Daniel Bulatkin &#8211; piano (Czechy), Johannes Fend (Austria) &#8211; kontrabas,<br \/>\n<\/span><span style=\"font-weight: 400;\">Martin Hafizi (Bu\u0142garia) &#8211; perkusja, feat. Jakub \u0141\u0119pa &#8211; saksofon (Polska)<br \/>\n<\/span><span style=\"font-weight: 400;\">20:45 Lunam\u00eb<br \/>\n<\/span><span style=\"font-weight: 400;\">Maciej K\u0105dziela &#8211; saksofon, Natalia Kordiak &#8211; \u015bpiew, Kasia Schmidt-Prze\u017adziecka &#8211; bas, Staszek Szmigiero &#8211;<br \/>\n<\/span><span style=\"font-weight: 400;\">syntezator\/piano, Marcin Sojka &#8211; perkusja<br \/>\n<\/span><span style=\"font-weight: 400;\">22:00 Piotr Wyle\u017co\u0142 Trio<br \/>\n<\/span><span style=\"font-weight: 400;\">Piotr Wyle\u017co\u0142 &#8211; piano, S\u0142awomir Kurkiewicz &#8211; kontrabas, \u0141ukasz \u017byta &#8211; perkusja<\/span><\/p>\n    <\/div>\n      <\/div>\n\n<\/div>\n\n<div id=\"asset-block_68b840fb478e9\" class=\"asset-block\">\n\n  \n<figure\n  class=\"asset asset-block__asset\"\n  data-asset\n    >\n\n  \n<\/figure>\n\n<\/div>\n\n<figure class=\"wp-block-embed is-type-video is-provider-youtube wp-block-embed-youtube wp-embed-aspect-16-9 wp-has-aspect-ratio\"><div class=\"wp-block-embed__wrapper\">\r\n<iframe loading=\"lazy\" title=\"FESTIWAL JAZZ PO POLSKU 2024\" width=\"500\" height=\"281\" src=\"https:\/\/www.youtube.com\/embed\/q8tethyE1Xw?feature=oembed\" frameborder=\"0\" allow=\"accelerometer; autoplay; clipboard-write; encrypted-media; gyroscope; picture-in-picture; web-share\" referrerpolicy=\"strict-origin-when-cross-origin\" allowfullscreen><\/iframe>\r\n<\/div><\/figure>\r\n\n<section id=\"concert-info-block_68b840fb47924\" class=\"concert-info\">\n\n  <div class=\"concert-info__column concert-info__column--info fs-20 lh-1-4 ls-0-4 fs-dt-32 lh-dt-1-04 ls-dt-0\">\n      <p class=\"concert-info__info\">Door 17:30<br \/>\r\nStart 18:00<\/p>\n    <\/div>\n\n  <div class=\"concert-info__column concert-info__column--additional fs-20 lh-1-4 ls-0-4\">\n      <p class=\"concert-info__additional\">The JAZZ PO POLSKU Festival is organized by the JAZZ PO POLSKU Foundation and co-financed under the \u2018Music\u2019 Program of the Minister of Culture and National Heritage, implemented by the National Institute of Music and Dance. The event partner is the Jassmine club. The event is held under the honorary patronage of the Mayor of the Capital City of Warsaw.<br \/>\r\nWe do not take table reservations.<br \/>\r\nWe encourage you to arrive early and secure your seats<\/p>\n    <\/div>\n\n<\/section>\n","protected":false},"template":"","meta":{"_acf_changed":false,"inline_featured_image":false},"class_list":["post-8625","concert","type-concert","status-publish","hentry"],"acf":[],"yoast_head":"<!-- This site is optimized with the Yoast SEO plugin v26.4 - https:\/\/yoast.com\/wordpress\/plugins\/seo\/ -->\n<title>Festiwal JAZZ PO POLSKU: Herak \/ Bulatkin \u201eElysium\u201d \/ Lunam\u00eb \/ Piotr Wyle\u017co\u0142 International Trio - jassmine<\/title>\n<meta name=\"robots\" content=\"index, follow, max-snippet:-1, max-image-preview:large, max-video-preview:-1\" \/>\n<link rel=\"canonical\" href=\"https:\/\/jassmine.com\/en\/concert\/festiwal-jazz-po-polsku-herak-bulatkin-elysium-luname-piotr-wylezol-international-trio\/\" \/>\n<meta property=\"og:locale\" content=\"en_US\" \/>\n<meta property=\"og:type\" content=\"article\" \/>\n<meta property=\"og:title\" content=\"Festiwal JAZZ PO POLSKU: Herak \/ Bulatkin \u201eElysium\u201d \/ Lunam\u00eb \/ Piotr Wyle\u017co\u0142 International Trio - jassmine\" \/>\n<meta property=\"og:url\" content=\"https:\/\/jassmine.com\/en\/concert\/festiwal-jazz-po-polsku-herak-bulatkin-elysium-luname-piotr-wylezol-international-trio\/\" \/>\n<meta property=\"og:site_name\" content=\"jassmine\" \/>\n<meta property=\"article:modified_time\" content=\"2025-09-05T17:57:35+00:00\" \/>\n<meta name=\"twitter:card\" content=\"summary_large_image\" \/>\n<script type=\"application\/ld+json\" class=\"yoast-schema-graph\">{\"@context\":\"https:\/\/schema.org\",\"@graph\":[{\"@type\":\"WebPage\",\"@id\":\"https:\/\/jassmine.com\/en\/concert\/festiwal-jazz-po-polsku-herak-bulatkin-elysium-luname-piotr-wylezol-international-trio\/\",\"url\":\"https:\/\/jassmine.com\/en\/concert\/festiwal-jazz-po-polsku-herak-bulatkin-elysium-luname-piotr-wylezol-international-trio\/\",\"name\":\"Festiwal JAZZ PO POLSKU: Herak \/ Bulatkin \u201eElysium\u201d \/ Lunam\u00eb \/ Piotr Wyle\u017co\u0142 International Trio - jassmine\",\"isPartOf\":{\"@id\":\"https:\/\/jassmine.com\/en\/#website\"},\"datePublished\":\"2025-09-03T13:17:23+00:00\",\"dateModified\":\"2025-09-05T17:57:35+00:00\",\"breadcrumb\":{\"@id\":\"https:\/\/jassmine.com\/en\/concert\/festiwal-jazz-po-polsku-herak-bulatkin-elysium-luname-piotr-wylezol-international-trio\/#breadcrumb\"},\"inLanguage\":\"en-US\",\"potentialAction\":[{\"@type\":\"ReadAction\",\"target\":[\"https:\/\/jassmine.com\/en\/concert\/festiwal-jazz-po-polsku-herak-bulatkin-elysium-luname-piotr-wylezol-international-trio\/\"]}]},{\"@type\":\"BreadcrumbList\",\"@id\":\"https:\/\/jassmine.com\/en\/concert\/festiwal-jazz-po-polsku-herak-bulatkin-elysium-luname-piotr-wylezol-international-trio\/#breadcrumb\",\"itemListElement\":[{\"@type\":\"ListItem\",\"position\":1,\"name\":\"Home\",\"item\":\"https:\/\/jassmine.com\/en\/\"},{\"@type\":\"ListItem\",\"position\":2,\"name\":\"Festiwal JAZZ PO POLSKU: Herak \/ Bulatkin \u201eElysium\u201d \/ Lunam\u00eb \/ Piotr Wyle\u017co\u0142 International Trio\"}]},{\"@type\":\"WebSite\",\"@id\":\"https:\/\/jassmine.com\/en\/#website\",\"url\":\"https:\/\/jassmine.com\/en\/\",\"name\":\"jassmine\",\"description\":\"\",\"potentialAction\":[{\"@type\":\"SearchAction\",\"target\":{\"@type\":\"EntryPoint\",\"urlTemplate\":\"https:\/\/jassmine.com\/en\/?s={search_term_string}\"},\"query-input\":{\"@type\":\"PropertyValueSpecification\",\"valueRequired\":true,\"valueName\":\"search_term_string\"}}],\"inLanguage\":\"en-US\"}]}<\/script>\n<!-- \/ Yoast SEO plugin. -->","yoast_head_json":{"title":"Festiwal JAZZ PO POLSKU: Herak \/ Bulatkin \u201eElysium\u201d \/ Lunam\u00eb \/ Piotr Wyle\u017co\u0142 International Trio - jassmine","robots":{"index":"index","follow":"follow","max-snippet":"max-snippet:-1","max-image-preview":"max-image-preview:large","max-video-preview":"max-video-preview:-1"},"canonical":"https:\/\/jassmine.com\/en\/concert\/festiwal-jazz-po-polsku-herak-bulatkin-elysium-luname-piotr-wylezol-international-trio\/","og_locale":"en_US","og_type":"article","og_title":"Festiwal JAZZ PO POLSKU: Herak \/ Bulatkin \u201eElysium\u201d \/ Lunam\u00eb \/ Piotr Wyle\u017co\u0142 International Trio - jassmine","og_url":"https:\/\/jassmine.com\/en\/concert\/festiwal-jazz-po-polsku-herak-bulatkin-elysium-luname-piotr-wylezol-international-trio\/","og_site_name":"jassmine","article_modified_time":"2025-09-05T17:57:35+00:00","twitter_card":"summary_large_image","schema":{"@context":"https:\/\/schema.org","@graph":[{"@type":"WebPage","@id":"https:\/\/jassmine.com\/en\/concert\/festiwal-jazz-po-polsku-herak-bulatkin-elysium-luname-piotr-wylezol-international-trio\/","url":"https:\/\/jassmine.com\/en\/concert\/festiwal-jazz-po-polsku-herak-bulatkin-elysium-luname-piotr-wylezol-international-trio\/","name":"Festiwal JAZZ PO POLSKU: Herak \/ Bulatkin \u201eElysium\u201d \/ Lunam\u00eb \/ Piotr Wyle\u017co\u0142 International Trio - jassmine","isPartOf":{"@id":"https:\/\/jassmine.com\/en\/#website"},"datePublished":"2025-09-03T13:17:23+00:00","dateModified":"2025-09-05T17:57:35+00:00","breadcrumb":{"@id":"https:\/\/jassmine.com\/en\/concert\/festiwal-jazz-po-polsku-herak-bulatkin-elysium-luname-piotr-wylezol-international-trio\/#breadcrumb"},"inLanguage":"en-US","potentialAction":[{"@type":"ReadAction","target":["https:\/\/jassmine.com\/en\/concert\/festiwal-jazz-po-polsku-herak-bulatkin-elysium-luname-piotr-wylezol-international-trio\/"]}]},{"@type":"BreadcrumbList","@id":"https:\/\/jassmine.com\/en\/concert\/festiwal-jazz-po-polsku-herak-bulatkin-elysium-luname-piotr-wylezol-international-trio\/#breadcrumb","itemListElement":[{"@type":"ListItem","position":1,"name":"Home","item":"https:\/\/jassmine.com\/en\/"},{"@type":"ListItem","position":2,"name":"Festiwal JAZZ PO POLSKU: Herak \/ Bulatkin \u201eElysium\u201d \/ Lunam\u00eb \/ Piotr Wyle\u017co\u0142 International Trio"}]},{"@type":"WebSite","@id":"https:\/\/jassmine.com\/en\/#website","url":"https:\/\/jassmine.com\/en\/","name":"jassmine","description":"","potentialAction":[{"@type":"SearchAction","target":{"@type":"EntryPoint","urlTemplate":"https:\/\/jassmine.com\/en\/?s={search_term_string}"},"query-input":{"@type":"PropertyValueSpecification","valueRequired":true,"valueName":"search_term_string"}}],"inLanguage":"en-US"}]}},"_links":{"self":[{"href":"https:\/\/jassmine.com\/en\/wp-json\/wp\/v2\/concert\/8625","targetHints":{"allow":["GET"]}}],"collection":[{"href":"https:\/\/jassmine.com\/en\/wp-json\/wp\/v2\/concert"}],"about":[{"href":"https:\/\/jassmine.com\/en\/wp-json\/wp\/v2\/types\/concert"}],"wp:attachment":[{"href":"https:\/\/jassmine.com\/en\/wp-json\/wp\/v2\/media?parent=8625"}],"curies":[{"name":"wp","href":"https:\/\/api.w.org\/{rel}","templated":true}]}}